{"id":245,"date":"2024-06-06T16:55:45","date_gmt":"2024-06-06T14:55:45","guid":{"rendered":"https:\/\/nadinelevratto.education\/?page_id=245"},"modified":"2025-05-22T15:14:16","modified_gmt":"2025-05-22T13:14:16","slug":"medias-conferences","status":"publish","type":"page","link":"https:\/\/nadinelevratto.education\/index.php\/en\/medias-conferences\/","title":{"rendered":"Medias \/ Conferences"},"content":{"rendered":"\t\t<div data-elementor-type=\"wp-page\" data-elementor-id=\"245\" class=\"elementor elementor-245\">\n\t\t\t\t<div class=\"elementor-element elementor-element-ce8daf4 e-flex e-con-boxed e-con e-parent\" data-id=\"ce8daf4\" data-element_type=\"container\" data-e-type=\"container\">\n\t\t\t\t\t<div class=\"e-con-inner\">\n\t\t\t\t<div class=\"elementor-element elementor-element-32b1829 elementor-widget elementor-widget-spacer\" data-id=\"32b1829\" data-element_type=\"widget\" data-e-type=\"widget\" data-widget_type=\"spacer.default\">\n\t\t\t\t<div class=\"elementor-widget-container\">\n\t\t\t\t\t\t\t<div class=\"elementor-spacer\">\n\t\t\t<div class=\"elementor-spacer-inner\"><\/div>\n\t\t<\/div>\n\t\t\t\t\t\t<\/div>\n\t\t\t\t<\/div>\n\t\t\t\t\t<\/div>\n\t\t\t\t<\/div>\n\t\t<div class=\"elementor-element elementor-element-94de960 e-flex e-con-boxed e-con e-parent\" data-id=\"94de960\" data-element_type=\"container\" data-e-type=\"container\">\n\t\t\t\t\t<div class=\"e-con-inner\">\n\t\t\t\t<div class=\"elementor-element elementor-element-7f41353 elementor-widget elementor-widget-heading\" data-id=\"7f41353\" data-element_type=\"widget\" data-e-type=\"widget\" data-widget_type=\"heading.default\">\n\t\t\t\t<div class=\"elementor-widget-container\">\n\t\t\t\t\t<h1 class=\"elementor-heading-title elementor-size-default\">Interviews<\/h1>\t\t\t\t<\/div>\n\t\t\t\t<\/div>\n\t\t\t\t\t<\/div>\n\t\t\t\t<\/div>\n\t\t<div class=\"elementor-element elementor-element-d377986 e-flex e-con-boxed e-con e-parent\" data-id=\"d377986\" data-element_type=\"container\" data-e-type=\"container\">\n\t\t\t\t\t<div class=\"e-con-inner\">\n\t\t\t\t<div class=\"elementor-element elementor-element-6518a6a elementor-widget elementor-widget-spacer\" data-id=\"6518a6a\" data-element_type=\"widget\" data-e-type=\"widget\" data-widget_type=\"spacer.default\">\n\t\t\t\t<div class=\"elementor-widget-container\">\n\t\t\t\t\t\t\t<div class=\"elementor-spacer\">\n\t\t\t<div class=\"elementor-spacer-inner\"><\/div>\n\t\t<\/div>\n\t\t\t\t\t\t<\/div>\n\t\t\t\t<\/div>\n\t\t\t\t<div class=\"elementor-element elementor-element-fe34a5e elementor-widget elementor-widget-accordion\" data-id=\"fe34a5e\" data-element_type=\"widget\" data-e-type=\"widget\" data-widget_type=\"accordion.default\">\n\t\t\t\t<div class=\"elementor-widget-container\">\n\t\t\t\t\t\t\t<div class=\"elementor-accordion\">\n\t\t\t\t\t\t\t<div class=\"elementor-accordion-item\">\n\t\t\t\t\t<div id=\"elementor-tab-title-2661\" class=\"elementor-tab-title\" data-tab=\"1\" role=\"button\" aria-controls=\"elementor-tab-content-2661\" aria-expanded=\"false\">\n\t\t\t\t\t\t\t\t\t\t\t\t\t<span class=\"elementor-accordion-icon elementor-accordion-icon-left\" aria-hidden=\"true\">\n\t\t\t\t\t\t\t\t\t\t\t\t\t\t\t<span class=\"elementor-accordion-icon-closed\"><svg class=\"e-font-icon-svg e-fas-plus\" viewBox=\"0 0 448 512\" xmlns=\"http:\/\/www.w3.org\/2000\/svg\"><path d=\"M416 208H272V64c0-17.67-14.33-32-32-32h-32c-17.67 0-32 14.33-32 32v144H32c-17.67 0-32 14.33-32 32v32c0 17.67 14.33 32 32 32h144v144c0 17.67 14.33 32 32 32h32c17.67 0 32-14.33 32-32V304h144c17.67 0 32-14.33 32-32v-32c0-17.67-14.33-32-32-32z\"><\/path><\/svg><\/span>\n\t\t\t\t\t\t\t\t<span class=\"elementor-accordion-icon-opened\"><svg class=\"e-font-icon-svg e-fas-minus\" viewBox=\"0 0 448 512\" xmlns=\"http:\/\/www.w3.org\/2000\/svg\"><path d=\"M416 208H32c-17.67 0-32 14.33-32 32v32c0 17.67 14.33 32 32 32h384c17.67 0 32-14.33 32-32v-32c0-17.67-14.33-32-32-32z\"><\/path><\/svg><\/span>\n\t\t\t\t\t\t\t\t\t\t\t\t\t\t<\/span>\n\t\t\t\t\t\t\t\t\t\t\t\t<a class=\"elementor-accordion-title\" tabindex=\"0\">Radio<\/a>\n\t\t\t\t\t<\/div>\n\t\t\t\t\t<div id=\"elementor-tab-content-2661\" class=\"elementor-tab-content elementor-clearfix\" data-tab=\"1\" role=\"region\" aria-labelledby=\"elementor-tab-title-2661\"><p class=\"a-page-title\"><a href=\"https:\/\/www.rfi.fr\/fr\/podcasts\/d%C3%A9bat-du-jour\/20250521-l-entrepreneuriat-est-il-suffisamment-encourag%C3%A9-en-france\" target=\"_blank\" rel=\"noopener\">L\u2019entrepreneuriat est-il suffisamment encourag\u00e9 en France ?<\/a> RFI, May 21st, 2025<\/p><p><a href=\"https:\/\/www.radiofrance.fr\/franceculture\/podcasts\/la-question-du-jour\/industrie-la-nationalisation-peut-elle-etre-une-solution-8728060\" target=\"_blank\" rel=\"noopener\">Industrie : la nationalisation peut-elle \u00eatre une solution ?<\/a> La Question du Jour, France Culture, May 5th, 2025<\/p><p class=\"CoverEpisode-title qg-tt3 svelte-r5ms83\"><a href=\"http:\/\/Industrie : le temps du protectionnisme est-il advenu ?\" target=\"_blank\" rel=\"noopener\" data-wplink-url-error=\"true\">Industrie : le temps du protectionnisme est-il advenu ?<\/a>, France Culture, November 26, 2024<\/p><p><a href=\"https:\/\/www.radiofrance.fr\/franceculture\/podcasts\/la-question-du-jour\/re-industrialisation-la-fin-d-un-reve-francais-2415800\" target=\"_blank\" rel=\"noopener\">R\u00e9-industrialisation : la fin d\u2019un r\u00eave fran\u00e7ais ?<\/a>, France Culture, November 12, 2024<\/p><p class=\"CoverEpisode-title qg-tt3 svelte-r5ms83\"><a href=\"https:\/\/www.radiofrance.fr\/franceculture\/podcasts\/entendez-vous-l-eco\/sanofi-l-industrie-face-a-la-fievre-financiere-3628766\" target=\"_blank\" rel=\"noopener\">Sanofi : l\u2019industrie face \u00e0 la fi\u00e8vre financi\u00e8re<\/a>, France Culture, October 28, 2024<\/p><p class=\"CoverEpisode-title qg-tt3 svelte-r5ms83\"><a href=\"https:\/\/www.radiofrance.fr\/franceculture\/podcasts\/entendez-vous-l-eco\/restrictions-budgetaires-l-industrie-au-second-plan-3037934\">Restrictions budg\u00e9taires : l\u2019industrie au second plan ?<\/a>, France Culture, October 4, 2024<\/p><p><a href=\"https:\/\/www.radiofrance.fr\/franceculture\/podcasts\/l-invite-e-des-matins\/reindustrialisation-quelle-methode-derriere-le-slogan-politique-2013930\" target=\"_blank\" rel=\"noopener\">R\u00e9industrialisation : quelle m\u00e9thode derri\u00e8re le slogan politique ?<\/a><a href=\"https:\/\/acteurspublics.fr\/webtv\/emissions\/entretiens-publics\/nadine-levratto-le-clivage-entre-urbain-et-rural-est-une-vue-de-lesprit\">\u201d<\/a>, France Culture, June 19, 2023<\/p><p><a href=\"https:\/\/www.radiofrance.fr\/franceculture\/podcasts\/les-enjeux-territoriaux\/derriere-le-mythe-de-la-reindustrialisation-la-disparite-des-territoires-5058837\" target=\"_blank\" rel=\"noopener\">Derri\u00e8re le mythe de la r\u00e9industrialisation, la disparit\u00e9 des territoires<\/a>, France Culture, April 13, 2023<\/p><p><a href=\"https:\/\/www.radiofrance.fr\/franceinter\/podcasts\/l-invite-de-6h20\/l-invite-de-6h20-du-vendredi-10-fevrier-2023-7136078\">Quand les \u00c9tats-Unis et la Chine ne respectent pas les r\u00e8gles, il n&#8217;y a plus de r\u00e8gle<\/a>, France Inter, February 10, 2023<\/p><p><a href=\"https:\/\/www.radiofrance.fr\/franceculture\/podcasts\/entendez-vous-l-eco\/medicaments-lutter-contre-la-penurie-5416104\" target=\"_blank\" rel=\"noopener\">P\u00e9nuries : faut-il relocaliser l\u2019industrie du m\u00e9dicament ?<\/a>, France Culture, January 12, 2023<\/p><\/div>\n\t\t\t\t<\/div>\n\t\t\t\t\t\t\t<div class=\"elementor-accordion-item\">\n\t\t\t\t\t<div id=\"elementor-tab-title-2662\" class=\"elementor-tab-title\" data-tab=\"2\" role=\"button\" aria-controls=\"elementor-tab-content-2662\" aria-expanded=\"false\">\n\t\t\t\t\t\t\t\t\t\t\t\t\t<span class=\"elementor-accordion-icon elementor-accordion-icon-left\" aria-hidden=\"true\">\n\t\t\t\t\t\t\t\t\t\t\t\t\t\t\t<span class=\"elementor-accordion-icon-closed\"><svg class=\"e-font-icon-svg e-fas-plus\" viewBox=\"0 0 448 512\" xmlns=\"http:\/\/www.w3.org\/2000\/svg\"><path d=\"M416 208H272V64c0-17.67-14.33-32-32-32h-32c-17.67 0-32 14.33-32 32v144H32c-17.67 0-32 14.33-32 32v32c0 17.67 14.33 32 32 32h144v144c0 17.67 14.33 32 32 32h32c17.67 0 32-14.33 32-32V304h144c17.67 0 32-14.33 32-32v-32c0-17.67-14.33-32-32-32z\"><\/path><\/svg><\/span>\n\t\t\t\t\t\t\t\t<span class=\"elementor-accordion-icon-opened\"><svg class=\"e-font-icon-svg e-fas-minus\" viewBox=\"0 0 448 512\" xmlns=\"http:\/\/www.w3.org\/2000\/svg\"><path d=\"M416 208H32c-17.67 0-32 14.33-32 32v32c0 17.67 14.33 32 32 32h384c17.67 0 32-14.33 32-32v-32c0-17.67-14.33-32-32-32z\"><\/path><\/svg><\/span>\n\t\t\t\t\t\t\t\t\t\t\t\t\t\t<\/span>\n\t\t\t\t\t\t\t\t\t\t\t\t<a class=\"elementor-accordion-title\" tabindex=\"0\">TV and internet<\/a>\n\t\t\t\t\t<\/div>\n\t\t\t\t\t<div id=\"elementor-tab-content-2662\" class=\"elementor-tab-content elementor-clearfix\" data-tab=\"2\" role=\"region\" aria-labelledby=\"elementor-tab-title-2662\"><p class=\"heading-h2\"><a href=\"https:\/\/www.publicsenat.fr\/emission\/sens-public\/faillites-les-entreprises-francaises-sont-elles-malades-e0\" target=\"_blank\" rel=\"noopener\">Faillites : Les entreprises fran\u00e7aises sont-elles malades ?<\/a>, Public S\u00e9nat, October 28, 2024<\/p><p><a href=\"https:\/\/www.france.tv\/franceinfo\/le-monde-de-loison\/6002772-emission-du-lundi-13-mai-2024.html\" target=\"_blank\" rel=\"noopener\">Le Monde de Loison<\/a>, France TV, May 13, 2024<\/p><p class=\"style-scope ytd-watch-metadata\"><a href=\"https:\/\/youtu.be\/AoZhmCWQ8WQ?si=ejhhZtAftg6Bmkat\">Interview AEFR<\/a> &#8211; Association Europe Finances Regulation, October 23, 2023<\/p><p class=\"style-scope ytd-watch-metadata\"><a href=\"https:\/\/youtu.be\/pZLwXwm9JQM?si=_3NfCyBpUw0_lrdV\">Concevoir les nouveaux territoires d&#8217;industrie<\/a> &#8211; Meeting in Dunkerque, July 2023<\/p><p>L&#8217;Atelier des M\u00e9tamorphoses #8 : <a href=\"https:\/\/youtu.be\/A_0Ndg_59I0?si=4kE23hb8Al_Zerx4\">Amour et d\u00e9samour des m\u00e9tropoles<\/a>, February 2023<\/p><p><a href=\"https:\/\/www.bfmtv.com\/economie\/replay-emissions\/les-experts\/l-integrale-des-experts-du-vendredi-16-septembre_EN-202209160822.html\">Les Experts<\/a>, BFM TV, September 16, 2022<\/p><p><a href=\"https:\/\/www.bfmtv.com\/economie\/replay-emissions\/les-experts\/les-experts-quel-bilan-sur-les-grandes-mesures-de-la-loi-pouvoir-d-achat-26-07_VN-202207260164.html\">Les Experts<\/a>, BFM TV, July 26, 2022<\/p><p><a href=\"https:\/\/www.bfmtv.com\/economie\/replay-emissions\/les-experts\/l-integrale-des-experts-du-mercredi-8-juin_EN-202206080725.html\">Les Experts<\/a>, BFM TV, June 8, 2022<\/p><p><a href=\"https:\/\/www.bfmtv.com\/economie\/replay-emissions\/les-experts\/l-integrale-des-experts-du-mercredi-20-avril_EN-202204200742.html\">Les Experts<\/a>, BFM TV, April 20, 2022<\/p><p id=\"tw-target-text\" class=\"tw-data-text tw-text-large tw-ta\" dir=\"ltr\" data-placeholder=\"Traduction\" data-ved=\"2ahUKEwiX2I7NwuGIAxUvUqQEHfOkIAEQ3ewLegQICBAU\" aria-label=\"Texte traduit\u00a0: Questions following the hearing by the Labor and Employment Section of the Economic, Social and Environmental Council in the context of the referral: \u201cWork, employment and mobility\u201d\"><span class=\"Y2IQFc\" lang=\"en\"><a href=\"https:\/\/youtu.be\/YweMraVVpHU?si=XgEIVS1ffWS5R8zv\">Questions following the hearing by the Labor and Employment Section of the Economic, Social and Environmental Council<\/a> in the context of the referral: \u201cWork, employment and mobility\u201d, <\/span>September 2019<\/p><p class=\"title title--page webtv__title js-title\"><a href=\"https:\/\/acteurspublics.fr\/webtv\/emissions\/entretiens-publics\/nadine-levratto-le-clivage-entre-urbain-et-rural-est-une-vue-de-lesprit\">Le clivage entre urbain et rural est une vue de l\u2019esprit<\/a>, Acteurs Publics,\u00a0 July 2018<\/p><\/div>\n\t\t\t\t<\/div>\n\t\t\t\t\t\t\t<div class=\"elementor-accordion-item\">\n\t\t\t\t\t<div id=\"elementor-tab-title-2663\" class=\"elementor-tab-title\" data-tab=\"3\" role=\"button\" aria-controls=\"elementor-tab-content-2663\" aria-expanded=\"false\">\n\t\t\t\t\t\t\t\t\t\t\t\t\t<span class=\"elementor-accordion-icon elementor-accordion-icon-left\" aria-hidden=\"true\">\n\t\t\t\t\t\t\t\t\t\t\t\t\t\t\t<span class=\"elementor-accordion-icon-closed\"><svg class=\"e-font-icon-svg e-fas-plus\" viewBox=\"0 0 448 512\" xmlns=\"http:\/\/www.w3.org\/2000\/svg\"><path d=\"M416 208H272V64c0-17.67-14.33-32-32-32h-32c-17.67 0-32 14.33-32 32v144H32c-17.67 0-32 14.33-32 32v32c0 17.67 14.33 32 32 32h144v144c0 17.67 14.33 32 32 32h32c17.67 0 32-14.33 32-32V304h144c17.67 0 32-14.33 32-32v-32c0-17.67-14.33-32-32-32z\"><\/path><\/svg><\/span>\n\t\t\t\t\t\t\t\t<span class=\"elementor-accordion-icon-opened\"><svg class=\"e-font-icon-svg e-fas-minus\" viewBox=\"0 0 448 512\" xmlns=\"http:\/\/www.w3.org\/2000\/svg\"><path d=\"M416 208H32c-17.67 0-32 14.33-32 32v32c0 17.67 14.33 32 32 32h384c17.67 0 32-14.33 32-32v-32c0-17.67-14.33-32-32-32z\"><\/path><\/svg><\/span>\n\t\t\t\t\t\t\t\t\t\t\t\t\t\t<\/span>\n\t\t\t\t\t\t\t\t\t\t\t\t<a class=\"elementor-accordion-title\" tabindex=\"0\">Newspapers and written Interviews<\/a>\n\t\t\t\t\t<\/div>\n\t\t\t\t\t<div id=\"elementor-tab-content-2663\" class=\"elementor-tab-content elementor-clearfix\" data-tab=\"3\" role=\"region\" aria-labelledby=\"elementor-tab-title-2663\"><p><a href=\"https:\/\/theconversation.com\/cvae-territoires-dindustrie-les-contradictions-de-la-politique-de-reindustrialisation-a-la-francaise-245903\" target=\"_blank\" rel=\"noopener\">CVAE, Territoires d\u2019industrie : les contradictions de la politique de r\u00e9industrialisation \u00e0 la fran\u00e7aise<\/a>, The Conversation, January 5, 2025<\/p><p><a href=\"https:\/\/www.alternatives-economiques.fr\/photovoltaique-leurope-entame-une-difficile-renaissance-industrielle\/00109881\" target=\"_blank\" rel=\"noopener\">Photovolta\u00efque : l\u2019Europe entame une difficile renaissance industrielle<\/a>, Alternatives Economiques, March 6, 2024<\/p><p><span style=\"background-color: transparent; color: var( --e-global-color-57c8da2 );\"><a href=\"https:\/\/www.alternatives-economiques.fr\/aides-aux-entreprises-grand-bazar-collectivites-locales\/00109858\" target=\"_blank\" rel=\"noopener\">Aides aux entreprises : le grand bazar dans les collectivit\u00e9s locales<\/a>, Alternatives Economiques, February 26, 2024<\/span><\/p><p class=\"o-head__title\"><a href=\"https:\/\/www.alternatives-economiques.fr\/wojtek-kalinowski\/donnons-a-leurope-moyens-dagir\/00109539\" target=\"_blank\" rel=\"noopener\">Donnons \u00e0 l\u2019Europe les moyens d\u2019agir<\/a>, Alternatives Economiques, January 9, 2024<\/p><p><a href=\"https:\/\/www.latribune.fr\/t-la-revue\/n-16-reindustrialiser-la-france\/t-la-revue-special-reindustrialisation-est-en-kiosque-971332.html\">R\u00e9industrialiser et d\u00e9carboner la France<\/a>, T La Revue de la Tribune, September 2023<\/p><p><a href=\"https:\/\/www.alternatives-economiques.fr\/champs-investir-leconomie-sociale-solidaire\/00108083\" target=\"_blank\" rel=\"noopener\">Quels champs doit investir l\u2019\u00e9conomie sociale et solidaire ?<\/a>, Alternatives Economiques, September 15, 2023<\/p><p><a href=\"https:\/\/www.alternatives-economiques.fr\/faut-sattendre-a-un-mur-faillites\/00107732\" target=\"_blank\" rel=\"noopener\">Faut-il s\u2019attendre \u00e0 un\u00a0 \u201cmur des faillites\u201d <\/a><a href=\"https:\/\/www.alternatives-economiques.fr\/faut-sattendre-a-un-mur-faillites\/00107732\" target=\"_blank\" rel=\"noopener\">?<\/a>, Alternatives Economiques, August 31, 2023<\/p><p><span style=\"background-color: transparent; color: var( --e-global-color-57c8da2 );\"><a href=\"https:\/\/www.challenges.fr\/economie\/depensiere-et-mal-evaluee-les-defauts-de-la-politique-industrielle-de-le-maire_859217\" target=\"_blank\" rel=\"noopener\">D\u00e9pensi\u00e8re et mal \u00e9valu\u00e9e : les d\u00e9fauts de la politique industrielle de Le Maire, <\/a><\/span><span style=\"background-color: transparent; color: var( --e-global-color-57c8da2 );\">Challenges, June 20, 2023<\/span><\/p><p><a href=\"https:\/\/www.alternatives-economiques.fr\/bienfaits-de-leconomie-sociale-solidaire\/00106967\" target=\"_blank\" rel=\"noopener\">Les bienfaits de l\u2019\u00e9conomie sociale et solidaire<\/a>, Alternatives Economiques, May 19, 2023<\/p><p><a href=\"https:\/\/www.lagazettedescommunes.com\/864212\/nadine-levratto-%E2%80%89il-faut-redonner-aux-politiques-economiques-les-moyens-dagir%E2%80%89\/\" target=\"_blank\" rel=\"noopener\">Il faut redonner aux politiques \u00e9conomiques les moyens d\u2019agir<\/a>, La Gazette des Communes, April 21, 2023<\/p><p><a href=\"https:\/\/theconversation.com\/chomage-un-chiffre-au-plus-bas-mais-qui-masque-le-creusement-des-inegalites-entre-les-territoires-203065\" target=\"_blank\" rel=\"noopener\">Ch\u00f4mage : un chiffre au plus bas mais qui masque le creusement des in\u00e9galit\u00e9s entre les territoires<\/a>, The Conversation, April 3, 2023<\/p><p><a href=\"https:\/\/www.alternatives-economiques.fr\/plus-de-300-economistes-ont-signe-lappel-un-nouveau-contrat-social\/00106337\" target=\"_blank\" rel=\"noopener\">Plus de 300 \u00e9conomistes et chercheurs ont sign\u00e9 l\u2019appel \u201cPour un nouveau contrat social et \u00e9cologique<\/a>\u201d, Alternatives Economiques, March 24, 2023<\/p><p><a href=\"https:\/\/www.alternatives-economiques.fr\/vraies-raisons-deficit-commercial-francais\/00106010\" target=\"_blank\" rel=\"noopener\">Les vraies raisons du d\u00e9ficit commercial fran\u00e7ais<\/a>, Alternatives Economiques, February 10, 2023<\/p><p><a href=\"https:\/\/www.alternatives-economiques.fr\/couteuses-aides-publiques-aux-entreprises-efficaces\/00105830\" target=\"_blank\" rel=\"noopener\">Co\u00fbteuses, les aides publiques aux entreprises sont-elles au moins efficaces ?<\/a>, Alternatives Economiques, January 21, 2023<\/p><p><a href=\"https:\/\/www.alternatives-economiques.fr\/economie-sociale-solidaire-gagner-bataille-idees\/00105107\" target=\"_blank\" rel=\"noopener\">Economie sociale et solidaire : gagner la bataille des id\u00e9es !<\/a>, Alternatives Economiques, November 16, 2022<\/p><p><a href=\"https:\/\/www.alternatives-economiques.fr\/industrie-certains-territoires-pleurent-dautres-rient\/00102978\" target=\"_blank\" rel=\"noopener\">Industrie : pourquoi certains territoires pleurent\u2026 et d\u2019autres rient<\/a>, Alternatives Economiques, May 17, 2022<\/p><p><a href=\"https:\/\/www.alternatives-economiques.fr\/herve-nathan\/une-industrie-france-linverse\/00100380\" target=\"_blank\" rel=\"noopener\">Une industrie pour la France, pas l\u2019inverse<\/a>, Alternatives Economiques, September 16, 2021<\/p><\/div>\n\t\t\t\t<\/div>\n\t\t\t\t\t\t\t\t<\/div>\n\t\t\t\t\t\t<\/div>\n\t\t\t\t<\/div>\n\t\t\t\t<div class=\"elementor-element elementor-element-42d387a elementor-widget elementor-widget-spacer\" data-id=\"42d387a\" data-element_type=\"widget\" data-e-type=\"widget\" data-widget_type=\"spacer.default\">\n\t\t\t\t<div class=\"elementor-widget-container\">\n\t\t\t\t\t\t\t<div class=\"elementor-spacer\">\n\t\t\t<div class=\"elementor-spacer-inner\"><\/div>\n\t\t<\/div>\n\t\t\t\t\t\t<\/div>\n\t\t\t\t<\/div>\n\t\t\t\t\t<\/div>\n\t\t\t\t<\/div>\n\t\t<div class=\"elementor-element elementor-element-957a13b e-flex e-con-boxed e-con e-parent\" data-id=\"957a13b\" data-element_type=\"container\" data-e-type=\"container\">\n\t\t\t\t\t<div class=\"e-con-inner\">\n\t\t\t\t<div class=\"elementor-element elementor-element-65c1b95 elementor-widget elementor-widget-heading\" data-id=\"65c1b95\" data-element_type=\"widget\" data-e-type=\"widget\" data-widget_type=\"heading.default\">\n\t\t\t\t<div class=\"elementor-widget-container\">\n\t\t\t\t\t<h1 class=\"elementor-heading-title elementor-size-default\">Last Conferences and Seminars<\/h1>\t\t\t\t<\/div>\n\t\t\t\t<\/div>\n\t\t\t\t<div class=\"elementor-element elementor-element-b5b4bef elementor-widget elementor-widget-accordion\" data-id=\"b5b4bef\" data-element_type=\"widget\" data-e-type=\"widget\" data-widget_type=\"accordion.default\">\n\t\t\t\t<div class=\"elementor-widget-container\">\n\t\t\t\t\t\t\t<div class=\"elementor-accordion\">\n\t\t\t\t\t\t\t<div class=\"elementor-accordion-item\">\n\t\t\t\t\t<div id=\"elementor-tab-title-1901\" class=\"elementor-tab-title\" data-tab=\"1\" role=\"button\" aria-controls=\"elementor-tab-content-1901\" aria-expanded=\"false\">\n\t\t\t\t\t\t\t\t\t\t\t\t\t<span class=\"elementor-accordion-icon elementor-accordion-icon-left\" aria-hidden=\"true\">\n\t\t\t\t\t\t\t\t\t\t\t\t\t\t\t<span class=\"elementor-accordion-icon-closed\"><svg class=\"e-font-icon-svg e-fas-plus\" viewBox=\"0 0 448 512\" xmlns=\"http:\/\/www.w3.org\/2000\/svg\"><path d=\"M416 208H272V64c0-17.67-14.33-32-32-32h-32c-17.67 0-32 14.33-32 32v144H32c-17.67 0-32 14.33-32 32v32c0 17.67 14.33 32 32 32h144v144c0 17.67 14.33 32 32 32h32c17.67 0 32-14.33 32-32V304h144c17.67 0 32-14.33 32-32v-32c0-17.67-14.33-32-32-32z\"><\/path><\/svg><\/span>\n\t\t\t\t\t\t\t\t<span class=\"elementor-accordion-icon-opened\"><svg class=\"e-font-icon-svg e-fas-minus\" viewBox=\"0 0 448 512\" xmlns=\"http:\/\/www.w3.org\/2000\/svg\"><path d=\"M416 208H32c-17.67 0-32 14.33-32 32v32c0 17.67 14.33 32 32 32h384c17.67 0 32-14.33 32-32v-32c0-17.67-14.33-32-32-32z\"><\/path><\/svg><\/span>\n\t\t\t\t\t\t\t\t\t\t\t\t\t\t<\/span>\n\t\t\t\t\t\t\t\t\t\t\t\t<a class=\"elementor-accordion-title\" tabindex=\"0\">Guest lectures and seminars<\/a>\n\t\t\t\t\t<\/div>\n\t\t\t\t\t<div id=\"elementor-tab-content-1901\" class=\"elementor-tab-content elementor-clearfix\" data-tab=\"1\" role=\"region\" aria-labelledby=\"elementor-tab-title-1901\"><p id=\"tw-target-text\" class=\"tw-data-text tw-text-large tw-ta\" dir=\"ltr\" data-placeholder=\"Traduction\" data-ved=\"2ahUKEwiso7_ZoLSNAxXaVKQEHaDmJEAQ3ewLegQICRAV\" aria-label=\"Texte traduit\u00a0: European Affairs Committee of the National Assembly: Round table on the Draghi report with Elie Cohen \/ From the 26th minute: https:\/\/www.youtube.com\/watch?v=dLQ3TsKYsIE, November 20, 2024\"><span class=\"Y2IQFc\" lang=\"en\">European Affairs Committee of the National Assembly: Round table on the Draghi report with Elie Cohen \/ From the 26th minute: <a href=\"https:\/\/www.youtube.com\/watch?v=dLQ3TsKYsIE\" target=\"_blank\" rel=\"noopener\">https:\/\/www.youtube.com\/watch?v=dLQ3TsKYsIE<\/a>, November 20th, 2024<\/span><\/p><p>Les entreprises zombies : les sauver ou s\u2019en d\u00e9faire ?, <span class=\"Y2IQFc\" lang=\"en\">5th Interdisciplinary Conference on Business Failure (CIDE), University of Sherbrooke (Quebec, Canada), April 27-28, 2022<\/span><\/p><p>Diversit\u00e9 des trajectoires de d\u00e9veloppement des \u00e9cosyst\u00e8mes entrepreneuriaux territoriaux, <span class=\"Y2IQFc\" lang=\"en\">External seminar of the Department of Management Sciences and Entrepreneurship, University of Sherbrooke (Quebec, Canada), September 13, 2019<\/span><\/p><p>Small, medium, strong : The value of SMEs, O<em>ECD Conference on SMEs and the Urban Fabric<\/em>, April 15-16, 2019, Trento (Italy)<\/p><p>La performance des m\u00e9tropoles en question, <span class=\"Y2IQFc\" lang=\"en\">Conference on Metropolises in Questions. When growth dynamics coexist with crisis situations, organized by ENPC, CIRED, LATTS and Paris Est University, March 29, 2019<\/span><\/p><p>Firm value, corporate environmental responsibility and innovation : an empirical perspective, Workshop <em>Innovation, entrepreneurship and organizational behavior<\/em>, PRISM &#8211; University Paris 1 Panth\u00e9on Sorbonne, Paris, December 6-7, 2018.<\/p><p>Business angels and small firm performance : finance does not make it all, KID <em>2018 Summer-school on Knowledge Dynamics, Industry Evolution, Economic Development<\/em>, July 8, 2018, Nice (France)<\/p><p>Money cannot buy firm performance, but Business Angels have more to o\ufb00er, <em>4th ZEW Conference on the Dynamics of Entrepreneurship<\/em>, June 18-19, 2018, Mannheim (Germany)<\/p><p>Spatial Patterns and determinants of firm exit : an empirical analysis on France, <span class=\"Y2IQFc\" lang=\"en\">CREM seminar, University of Caen, January 15, 2018<\/span><\/p><p>New firms ? exit : does local banking market matter ?, <span class=\"Y2IQFc\" lang=\"en\">Public Policy Seminar, Sorbonne Economics Center, University of Paris 1 Panth\u00e9on Sorbonne, December 19, 2017<\/span><\/p><p>Les disparit\u00e9s territoriales d\u2019\u00e9volution de l\u2019emploi sont-elles dues \u00e0 la nature des entreprises ou \u00e0 leur localisation ? Une analyse multiniveaux sur les zones d\u2019emploi fran\u00e7aises, <span class=\"Y2IQFc\" lang=\"en\">Scientific Days of the University of Toulon, April 26, 2017<\/span><\/p><\/div>\n\t\t\t\t<\/div>\n\t\t\t\t\t\t\t<div class=\"elementor-accordion-item\">\n\t\t\t\t\t<div id=\"elementor-tab-title-1902\" class=\"elementor-tab-title\" data-tab=\"2\" role=\"button\" aria-controls=\"elementor-tab-content-1902\" aria-expanded=\"false\">\n\t\t\t\t\t\t\t\t\t\t\t\t\t<span class=\"elementor-accordion-icon elementor-accordion-icon-left\" aria-hidden=\"true\">\n\t\t\t\t\t\t\t\t\t\t\t\t\t\t\t<span class=\"elementor-accordion-icon-closed\"><svg class=\"e-font-icon-svg e-fas-plus\" viewBox=\"0 0 448 512\" xmlns=\"http:\/\/www.w3.org\/2000\/svg\"><path d=\"M416 208H272V64c0-17.67-14.33-32-32-32h-32c-17.67 0-32 14.33-32 32v144H32c-17.67 0-32 14.33-32 32v32c0 17.67 14.33 32 32 32h144v144c0 17.67 14.33 32 32 32h32c17.67 0 32-14.33 32-32V304h144c17.67 0 32-14.33 32-32v-32c0-17.67-14.33-32-32-32z\"><\/path><\/svg><\/span>\n\t\t\t\t\t\t\t\t<span class=\"elementor-accordion-icon-opened\"><svg class=\"e-font-icon-svg e-fas-minus\" viewBox=\"0 0 448 512\" xmlns=\"http:\/\/www.w3.org\/2000\/svg\"><path d=\"M416 208H32c-17.67 0-32 14.33-32 32v32c0 17.67 14.33 32 32 32h384c17.67 0 32-14.33 32-32v-32c0-17.67-14.33-32-32-32z\"><\/path><\/svg><\/span>\n\t\t\t\t\t\t\t\t\t\t\t\t\t\t<\/span>\n\t\t\t\t\t\t\t\t\t\t\t\t<a class=\"elementor-accordion-title\" tabindex=\"0\">Communications at scientific committee conferences<\/a>\n\t\t\t\t\t<\/div>\n\t\t\t\t\t<div id=\"elementor-tab-content-1902\" class=\"elementor-tab-content elementor-clearfix\" data-tab=\"2\" role=\"region\" aria-labelledby=\"elementor-tab-title-1902\"><p>A multilevel analysis of sentiment scores and hotel prices during the 2024 Olympic Games in Paris, 63rd ERSA Congress, Terceira Island, Azores (Portugal) with Arcuri, G., Bernard, M., Celardo, L., and Misuraca, M.<\/p><p>Who are the winners of local tax reforms ? An assessment of the abolition of the firm value-added contribution in France, 63rd ERSA Congress, Terceira Island, Azores (Portugal) with Poinsot, P.<\/p><p>Local Dynamics, Intra-sectorial Externalities and Spatial Spillover E\ufb00ects An application to French Employment Areas; AFSE Annual Congress 2024 with Amdaoud, M., Bordeaux, June 17-19<\/p><p>Quels sont les gagnants et les perdants des r\u00e9formes de la fiscalit\u00e9 locale ? Une \u00e9valuation de la suppression de la CVAE; 59th ASRDLF conference, Reunion, June 29-July 1, 2023<\/p><p>Territoires d\u2019industrie : h\u00e9t\u00e9rog\u00e9n\u00e9it\u00e9 et convergence; 58th ASRDLF conference, Rennes, June 30 &#8211; July 1, 2022<\/p><p>Does Commercial Court organization a\ufb00ect the bankruptcy rate ? Evidence from the 2009 French reform; 4th Law and Economic Policy International Workshop, Paris, December 13, 2019<\/p><p>Firm soundness and knowledge externalities : a comparative regional analysis; 59th ERSA Congress, Lyon, August 28 &#8211; September 2, 2019<\/p><p>Access to and sharing of data : a challenge for research on Business Angels; BAE Business Angels Europe Conference on Angel Investment Research 2019 ; Berlin, March 13, 2019<\/p><p>L\u2019entrepreneuriat contribue-t-il \u00e0 la r\u00e9silience territoriale ? Une exploration sur donn\u00e9es des zones d\u2019emploi en France m\u00e9tropolitaine, 55th ASRDLF conference, Dejardin and Levratto, N. University of Caen, July 2018<\/p><p>Fiscalit\u00e9 locale et e\ufb00ets m\u00e9tropolitains, interactions entre pratiques des collectivit\u00e9s locales et dynamiques des entreprises, 55th ASRDLF conference, Chtioui, M. and Levratto, N., University of Caen, July 2018<\/p><\/div>\n\t\t\t\t<\/div>\n\t\t\t\t\t\t\t<div class=\"elementor-accordion-item\">\n\t\t\t\t\t<div id=\"elementor-tab-title-1903\" class=\"elementor-tab-title\" data-tab=\"3\" role=\"button\" aria-controls=\"elementor-tab-content-1903\" aria-expanded=\"false\">\n\t\t\t\t\t\t\t\t\t\t\t\t\t<span class=\"elementor-accordion-icon elementor-accordion-icon-left\" aria-hidden=\"true\">\n\t\t\t\t\t\t\t\t\t\t\t\t\t\t\t<span class=\"elementor-accordion-icon-closed\"><svg class=\"e-font-icon-svg e-fas-plus\" viewBox=\"0 0 448 512\" xmlns=\"http:\/\/www.w3.org\/2000\/svg\"><path d=\"M416 208H272V64c0-17.67-14.33-32-32-32h-32c-17.67 0-32 14.33-32 32v144H32c-17.67 0-32 14.33-32 32v32c0 17.67 14.33 32 32 32h144v144c0 17.67 14.33 32 32 32h32c17.67 0 32-14.33 32-32V304h144c17.67 0 32-14.33 32-32v-32c0-17.67-14.33-32-32-32z\"><\/path><\/svg><\/span>\n\t\t\t\t\t\t\t\t<span class=\"elementor-accordion-icon-opened\"><svg class=\"e-font-icon-svg e-fas-minus\" viewBox=\"0 0 448 512\" xmlns=\"http:\/\/www.w3.org\/2000\/svg\"><path d=\"M416 208H32c-17.67 0-32 14.33-32 32v32c0 17.67 14.33 32 32 32h384c17.67 0 32-14.33 32-32v-32c0-17.67-14.33-32-32-32z\"><\/path><\/svg><\/span>\n\t\t\t\t\t\t\t\t\t\t\t\t\t\t<\/span>\n\t\t\t\t\t\t\t\t\t\t\t\t<a class=\"elementor-accordion-title\" tabindex=\"0\">Communications to events with a wider audience<\/a>\n\t\t\t\t\t<\/div>\n\t\t\t\t\t<div id=\"elementor-tab-content-1903\" class=\"elementor-tab-content elementor-clearfix\" data-tab=\"3\" role=\"region\" aria-labelledby=\"elementor-tab-title-1903\"><ul><li>Sommet de l\u2019impact, 2024<\/li><li>Journ\u00e9e Finances d\u2019Intercommunalit\u00e9s de France, 2024<\/li><li>Institut La Bo\u00e9tie, 2024<\/li><li>Journ\u00e9es de l\u2019APSES \u00ab Les espaces \u00bb, 2023<\/li><li>Cercle des Territoires, 2023<\/li><li>Journ\u00e9e des \u00e9lus du P\u00f4le m\u00e9tropolitain Nantes Saint Nazaire, 2023<\/li><li>Journ\u00e9es de l\u2019Economie Autrement, 2023<\/li><li>Retour de l\u2019industrie en France, 2023<\/li><li>IHEST-Universit\u00e9 Territoriale du Val-de-Loire, 2023<\/li><li>Forum Europ\u00e9en Franco-Allemand, 2023<\/li><li>Congr\u00e8s National des IUT, 2023<\/li><li>Soci\u00e9t\u00e9 d\u2019Encouragement pour l\u2019Industrie Nationale, 2023<\/li><li>Comit\u00e9 Grand Lille, 2023<\/li><li>Conf\u00e9rence sur l\u2019Industrie de Rexecode, 2023<\/li><\/ul><\/div>\n\t\t\t\t<\/div>\n\t\t\t\t\t\t\t\t<\/div>\n\t\t\t\t\t\t<\/div>\n\t\t\t\t<\/div>\n\t\t\t\t<div class=\"elementor-element elementor-element-2190329 elementor-widget elementor-widget-spacer\" data-id=\"2190329\" data-element_type=\"widget\" data-e-type=\"widget\" data-widget_type=\"spacer.default\">\n\t\t\t\t<div class=\"elementor-widget-container\">\n\t\t\t\t\t\t\t<div class=\"elementor-spacer\">\n\t\t\t<div class=\"elementor-spacer-inner\"><\/div>\n\t\t<\/div>\n\t\t\t\t\t\t<\/div>\n\t\t\t\t<\/div>\n\t\t\t\t\t<\/div>\n\t\t\t\t<\/div>\n\t\t<div class=\"elementor-element elementor-element-d1571f1 e-flex e-con-boxed e-con e-parent\" data-id=\"d1571f1\" data-element_type=\"container\" data-e-type=\"container\">\n\t\t\t\t\t<div class=\"e-con-inner\">\n\t\t\t\t<div class=\"elementor-element elementor-element-32c89a3 elementor-align-center elementor-widget elementor-widget-button\" data-id=\"32c89a3\" data-element_type=\"widget\" data-e-type=\"widget\" data-widget_type=\"button.default\">\n\t\t\t\t<div class=\"elementor-widget-container\">\n\t\t\t\t\t\t\t\t\t<div class=\"elementor-button-wrapper\">\n\t\t\t\t\t<a class=\"elementor-button elementor-button-link elementor-size-sm\" href=\"http:\/\/nadinelevratto.education\/wp-content\/uploads\/2025\/05\/Liste-publications-complete-Vsans-liste-mai-2025.pdf\" target=\"_blank\">\n\t\t\t\t\t\t<span class=\"elementor-button-content-wrapper\">\n\t\t\t\t\t\t\t\t\t<span class=\"elementor-button-text\">Download all conferences and seminars<\/span>\n\t\t\t\t\t<\/span>\n\t\t\t\t\t<\/a>\n\t\t\t\t<\/div>\n\t\t\t\t\t\t\t\t<\/div>\n\t\t\t\t<\/div>\n\t\t\t\t\t<\/div>\n\t\t\t\t<\/div>\n\t\t<div class=\"elementor-element elementor-element-d7f3f32 e-flex e-con-boxed e-con e-parent\" data-id=\"d7f3f32\" data-element_type=\"container\" data-e-type=\"container\">\n\t\t\t\t\t<div class=\"e-con-inner\">\n\t\t\t\t<div class=\"elementor-element elementor-element-e01724b elementor-widget elementor-widget-heading\" data-id=\"e01724b\" data-element_type=\"widget\" data-e-type=\"widget\" data-widget_type=\"heading.default\">\n\t\t\t\t<div class=\"elementor-widget-container\">\n\t\t\t\t\t<h1 class=\"elementor-heading-title elementor-size-default\">Videos \/ Replays<\/h1>\t\t\t\t<\/div>\n\t\t\t\t<\/div>\n\t\t\t\t\t<\/div>\n\t\t\t\t<\/div>\n\t\t<div class=\"elementor-element elementor-element-5428c15 e-flex e-con-boxed e-con e-parent\" data-id=\"5428c15\" data-element_type=\"container\" data-e-type=\"container\">\n\t\t\t\t\t<div class=\"e-con-inner\">\n\t\t<div class=\"elementor-element elementor-element-056f160 e-con-full e-flex e-con e-child\" data-id=\"056f160\" data-element_type=\"container\" data-e-type=\"container\">\n\t\t\t\t<div class=\"elementor-element elementor-element-460c5ef elementor-widget elementor-widget-video\" data-id=\"460c5ef\" data-element_type=\"widget\" data-e-type=\"widget\" data-settings=\"{&quot;youtube_url&quot;:&quot;https:\\\/\\\/youtu.be\\\/lL6xLmsxFq8?feature=shared&quot;,&quot;video_type&quot;:&quot;youtube&quot;,&quot;controls&quot;:&quot;yes&quot;}\" data-widget_type=\"video.default\">\n\t\t\t\t<div class=\"elementor-widget-container\">\n\t\t\t\t\t\t\t<div class=\"elementor-wrapper elementor-open-inline\">\n\t\t\t<div class=\"elementor-video\"><\/div>\t\t<\/div>\n\t\t\t\t\t\t<\/div>\n\t\t\t\t<\/div>\n\t\t\t\t<\/div>\n\t\t<div class=\"elementor-element elementor-element-2a98b2f e-con-full e-flex e-con e-child\" data-id=\"2a98b2f\" data-element_type=\"container\" data-e-type=\"container\">\n\t\t\t\t<div class=\"elementor-element elementor-element-eb3b2e3 elementor-widget elementor-widget-video\" data-id=\"eb3b2e3\" data-element_type=\"widget\" data-e-type=\"widget\" data-settings=\"{&quot;youtube_url&quot;:&quot;https:\\\/\\\/youtu.be\\\/dLQ3TsKYsIE?feature=shared&quot;,&quot;video_type&quot;:&quot;youtube&quot;,&quot;controls&quot;:&quot;yes&quot;}\" data-widget_type=\"video.default\">\n\t\t\t\t<div class=\"elementor-widget-container\">\n\t\t\t\t\t\t\t<div class=\"elementor-wrapper elementor-open-inline\">\n\t\t\t<div class=\"elementor-video\"><\/div>\t\t<\/div>\n\t\t\t\t\t\t<\/div>\n\t\t\t\t<\/div>\n\t\t\t\t<\/div>\n\t\t\t\t\t<\/div>\n\t\t\t\t<\/div>\n\t\t<div class=\"elementor-element elementor-element-9f7b54c e-flex e-con-boxed e-con e-parent\" data-id=\"9f7b54c\" data-element_type=\"container\" data-e-type=\"container\">\n\t\t\t\t\t<div class=\"e-con-inner\">\n\t\t<div class=\"elementor-element elementor-element-ad62b9c e-con-full e-flex e-con e-child\" data-id=\"ad62b9c\" data-element_type=\"container\" data-e-type=\"container\">\n\t\t\t\t<div class=\"elementor-element elementor-element-4f4b470 elementor-widget elementor-widget-text-editor\" data-id=\"4f4b470\" data-element_type=\"widget\" data-e-type=\"widget\" data-widget_type=\"text-editor.default\">\n\t\t\t\t<div class=\"elementor-widget-container\">\n\t\t\t\t\t\t\t\t\t<p>Video EconomiX<\/p>\t\t\t\t\t\t\t\t<\/div>\n\t\t\t\t<\/div>\n\t\t\t\t<\/div>\n\t\t<div class=\"elementor-element elementor-element-53f2e4c e-con-full e-flex e-con e-child\" data-id=\"53f2e4c\" data-element_type=\"container\" data-e-type=\"container\">\n\t\t\t\t<div class=\"elementor-element elementor-element-dfb6046 elementor-widget elementor-widget-text-editor\" data-id=\"dfb6046\" data-element_type=\"widget\" data-e-type=\"widget\" data-widget_type=\"text-editor.default\">\n\t\t\t\t<div class=\"elementor-widget-container\">\n\t\t\t\t\t\t\t\t\t<p id=\"tw-target-text\" class=\"tw-data-text tw-text-large tw-ta\" dir=\"ltr\" data-placeholder=\"Traduction\" data-ved=\"2ahUKEwiGk_-VjreNAxVLUqQEHXByJJ8Q3ewLegQICRAV\" aria-label=\"Texte traduit\u00a0: European Affairs Committee of the National Assembly: Round table on the Draghi report with Elie Cohen \/ From the 26th minute\"><span class=\"Y2IQFc\" lang=\"en\">European Affairs Committee of the National Assembly: Round table on the Draghi report with Elie Cohen \/ From the 26th minute<\/span><\/p>\t\t\t\t\t\t\t\t<\/div>\n\t\t\t\t<\/div>\n\t\t\t\t<\/div>\n\t\t\t\t\t<\/div>\n\t\t\t\t<\/div>\n\t\t<div class=\"elementor-element elementor-element-4359d8d e-flex e-con-boxed e-con e-parent\" data-id=\"4359d8d\" data-element_type=\"container\" data-e-type=\"container\">\n\t\t\t\t\t<div class=\"e-con-inner\">\n\t\t<div class=\"elementor-element elementor-element-3788f4b e-con-full e-flex e-con e-child\" data-id=\"3788f4b\" data-element_type=\"container\" data-e-type=\"container\">\n\t\t\t\t<div class=\"elementor-element elementor-element-b765e7c elementor-widget elementor-widget-video\" data-id=\"b765e7c\" data-element_type=\"widget\" data-e-type=\"widget\" data-settings=\"{&quot;youtube_url&quot;:&quot;https:\\\/\\\/youtu.be\\\/hSlKGKTK-bs?feature=shared&quot;,&quot;video_type&quot;:&quot;youtube&quot;,&quot;controls&quot;:&quot;yes&quot;}\" data-widget_type=\"video.default\">\n\t\t\t\t<div class=\"elementor-widget-container\">\n\t\t\t\t\t\t\t<div class=\"elementor-wrapper elementor-open-inline\">\n\t\t\t<div class=\"elementor-video\"><\/div>\t\t<\/div>\n\t\t\t\t\t\t<\/div>\n\t\t\t\t<\/div>\n\t\t\t\t<\/div>\n\t\t<div class=\"elementor-element elementor-element-f7e3490 e-con-full e-flex e-con e-child\" data-id=\"f7e3490\" data-element_type=\"container\" data-e-type=\"container\">\n\t\t\t\t<div class=\"elementor-element elementor-element-f114087 elementor-widget elementor-widget-video\" data-id=\"f114087\" data-element_type=\"widget\" data-e-type=\"widget\" data-settings=\"{&quot;youtube_url&quot;:&quot;https:\\\/\\\/youtu.be\\\/vwFhH_hxtBQ?feature=shared&quot;,&quot;video_type&quot;:&quot;youtube&quot;,&quot;controls&quot;:&quot;yes&quot;}\" data-widget_type=\"video.default\">\n\t\t\t\t<div class=\"elementor-widget-container\">\n\t\t\t\t\t\t\t<div class=\"elementor-wrapper elementor-open-inline\">\n\t\t\t<div class=\"elementor-video\"><\/div>\t\t<\/div>\n\t\t\t\t\t\t<\/div>\n\t\t\t\t<\/div>\n\t\t\t\t<\/div>\n\t\t\t\t\t<\/div>\n\t\t\t\t<\/div>\n\t\t<div class=\"elementor-element elementor-element-67246d4 e-flex e-con-boxed e-con e-parent\" data-id=\"67246d4\" data-element_type=\"container\" data-e-type=\"container\">\n\t\t\t\t\t<div class=\"e-con-inner\">\n\t\t<div class=\"elementor-element elementor-element-f0a902c e-con-full e-flex e-con e-child\" data-id=\"f0a902c\" data-element_type=\"container\" data-e-type=\"container\">\n\t\t\t\t<div class=\"elementor-element elementor-element-2fe7e0a elementor-widget elementor-widget-text-editor\" data-id=\"2fe7e0a\" data-element_type=\"widget\" data-e-type=\"widget\" data-widget_type=\"text-editor.default\">\n\t\t\t\t<div class=\"elementor-widget-container\">\n\t\t\t\t\t\t\t\t\t<p>Video EconomiX<\/p>\t\t\t\t\t\t\t\t<\/div>\n\t\t\t\t<\/div>\n\t\t\t\t<\/div>\n\t\t<div class=\"elementor-element elementor-element-1996871 e-con-full e-flex e-con e-child\" data-id=\"1996871\" data-element_type=\"container\" data-e-type=\"container\">\n\t\t\t\t<div class=\"elementor-element elementor-element-67e82b0 elementor-widget elementor-widget-text-editor\" data-id=\"67e82b0\" data-element_type=\"widget\" data-e-type=\"widget\" data-widget_type=\"text-editor.default\">\n\t\t\t\t<div class=\"elementor-widget-container\">\n\t\t\t\t\t\t\t\t\t<p>Video EconomiX<\/p>\t\t\t\t\t\t\t\t<\/div>\n\t\t\t\t<\/div>\n\t\t\t\t<\/div>\n\t\t\t\t\t<\/div>\n\t\t\t\t<\/div>\n\t\t\t\t<\/div>\n\t\t","protected":false},"excerpt":{"rendered":"<p>Interviews Radio L\u2019entrepreneuriat est-il suffisamment encourag\u00e9 en France ? RFI, May 21st, 2025 Industrie : la nationalisation peut-elle \u00eatre une solution ? La Question du Jour, France Culture, May 5th, 2025 Industrie : le temps du protectionnisme est-il advenu ?, France Culture, November 26, 2024 R\u00e9-industrialisation : la fin d\u2019un r\u00eave fran\u00e7ais ?, France Culture, [&hellip;]<\/p>\n","protected":false},"author":1,"featured_media":0,"parent":0,"menu_order":0,"comment_status":"closed","ping_status":"closed","template":"","meta":{"footnotes":""},"class_list":["post-245","page","type-page","status-publish","hentry"],"yoast_head":"<!-- This site is optimized with the Yoast SEO plugin v27.5 - https:\/\/yoast.com\/product\/yoast-seo-wordpress\/ -->\n<title>Medias \/ Conferences - Nadine Levratto<\/title>\n<meta name=\"description\" content=\"Interviews and conferences given by Nadine Levratto, an economist, research director at CNRS and EconomiX (CNRS - Paris Nanterre University mixed research lab.) and lecturer at Paris 1 Panth\u00e9on Sorbonne University and Paris Nanterre University. Her main research themes focus on the economy of the firm, industrial policies and territories.\" \/>\n<meta name=\"robots\" content=\"index, follow, max-snippet:-1, max-image-preview:large, max-video-preview:-1\" \/>\n<link rel=\"canonical\" href=\"https:\/\/nadinelevratto.education\/index.php\/en\/medias-conferences\/\" \/>\n<meta property=\"og:locale\" content=\"fr_FR\" \/>\n<meta property=\"og:type\" content=\"article\" \/>\n<meta property=\"og:title\" content=\"Medias \/ Conferences - Nadine Levratto\" \/>\n<meta property=\"og:description\" content=\"Interviews and conferences given by Nadine Levratto, an economist, research director at CNRS and EconomiX (CNRS - Paris Nanterre University mixed research lab.) and lecturer at Paris 1 Panth\u00e9on Sorbonne University and Paris Nanterre University. Her main research themes focus on the economy of the firm, industrial policies and territories.\" \/>\n<meta property=\"og:url\" content=\"https:\/\/nadinelevratto.education\/index.php\/en\/medias-conferences\/\" \/>\n<meta property=\"og:site_name\" content=\"Nadine Levratto\" \/>\n<meta property=\"article:modified_time\" content=\"2025-05-22T13:14:16+00:00\" \/>\n<meta name=\"twitter:card\" content=\"summary_large_image\" \/>\n<meta name=\"twitter:label1\" content=\"Dur\u00e9e de lecture estim\u00e9e\" \/>\n\t<meta name=\"twitter:data1\" content=\"7 minutes\" \/>\n<script type=\"application\/ld+json\" class=\"yoast-schema-graph\">{\"@context\":\"https:\\\/\\\/schema.org\",\"@graph\":[{\"@type\":\"WebPage\",\"@id\":\"https:\\\/\\\/nadinelevratto.education\\\/index.php\\\/en\\\/medias-conferences\\\/\",\"url\":\"https:\\\/\\\/nadinelevratto.education\\\/index.php\\\/en\\\/medias-conferences\\\/\",\"name\":\"Medias \\\/ Conferences - Nadine Levratto\",\"isPartOf\":{\"@id\":\"https:\\\/\\\/nadinelevratto.education\\\/#website\"},\"datePublished\":\"2024-06-06T14:55:45+00:00\",\"dateModified\":\"2025-05-22T13:14:16+00:00\",\"description\":\"Interviews and conferences given by Nadine Levratto, an economist, research director at CNRS and EconomiX (CNRS - Paris Nanterre University mixed research lab.) and lecturer at Paris 1 Panth\u00e9on Sorbonne University and Paris Nanterre University. Her main research themes focus on the economy of the firm, industrial policies and territories.\",\"breadcrumb\":{\"@id\":\"https:\\\/\\\/nadinelevratto.education\\\/index.php\\\/en\\\/medias-conferences\\\/#breadcrumb\"},\"inLanguage\":\"fr-FR\",\"potentialAction\":[{\"@type\":\"ReadAction\",\"target\":[\"https:\\\/\\\/nadinelevratto.education\\\/index.php\\\/en\\\/medias-conferences\\\/\"]}]},{\"@type\":\"BreadcrumbList\",\"@id\":\"https:\\\/\\\/nadinelevratto.education\\\/index.php\\\/en\\\/medias-conferences\\\/#breadcrumb\",\"itemListElement\":[{\"@type\":\"ListItem\",\"position\":1,\"name\":\"Accueil\",\"item\":\"https:\\\/\\\/nadinelevratto.education\\\/index.php\\\/en\\\/home\\\/\"},{\"@type\":\"ListItem\",\"position\":2,\"name\":\"Medias \\\/ Conferences\"}]},{\"@type\":\"WebSite\",\"@id\":\"https:\\\/\\\/nadinelevratto.education\\\/#website\",\"url\":\"https:\\\/\\\/nadinelevratto.education\\\/\",\"name\":\"Nadine Levratto\",\"description\":\"\",\"publisher\":{\"@id\":\"https:\\\/\\\/nadinelevratto.education\\\/#organization\"},\"potentialAction\":[{\"@type\":\"SearchAction\",\"target\":{\"@type\":\"EntryPoint\",\"urlTemplate\":\"https:\\\/\\\/nadinelevratto.education\\\/?s={search_term_string}\"},\"query-input\":{\"@type\":\"PropertyValueSpecification\",\"valueRequired\":true,\"valueName\":\"search_term_string\"}}],\"inLanguage\":\"fr-FR\"},{\"@type\":\"Organization\",\"@id\":\"https:\\\/\\\/nadinelevratto.education\\\/#organization\",\"name\":\"Nadine Levratto\",\"url\":\"https:\\\/\\\/nadinelevratto.education\\\/\",\"logo\":{\"@type\":\"ImageObject\",\"inLanguage\":\"fr-FR\",\"@id\":\"https:\\\/\\\/nadinelevratto.education\\\/#\\\/schema\\\/logo\\\/image\\\/\",\"url\":\"https:\\\/\\\/nadinelevratto.education\\\/wp-content\\\/uploads\\\/2024\\\/07\\\/cropped-cropped-NADINE-LEVRATTO-fav-v3.png\",\"contentUrl\":\"https:\\\/\\\/nadinelevratto.education\\\/wp-content\\\/uploads\\\/2024\\\/07\\\/cropped-cropped-NADINE-LEVRATTO-fav-v3.png\",\"width\":512,\"height\":512,\"caption\":\"Nadine Levratto\"},\"image\":{\"@id\":\"https:\\\/\\\/nadinelevratto.education\\\/#\\\/schema\\\/logo\\\/image\\\/\"}}]}<\/script>\n<!-- \/ Yoast SEO plugin. -->","yoast_head_json":{"title":"Medias \/ Conferences - Nadine Levratto","description":"Interviews and conferences given by Nadine Levratto, an economist, research director at CNRS and EconomiX (CNRS - Paris Nanterre University mixed research lab.) and lecturer at Paris 1 Panth\u00e9on Sorbonne University and Paris Nanterre University. Her main research themes focus on the economy of the firm, industrial policies and territories.","robots":{"index":"index","follow":"follow","max-snippet":"max-snippet:-1","max-image-preview":"max-image-preview:large","max-video-preview":"max-video-preview:-1"},"canonical":"https:\/\/nadinelevratto.education\/index.php\/en\/medias-conferences\/","og_locale":"fr_FR","og_type":"article","og_title":"Medias \/ Conferences - Nadine Levratto","og_description":"Interviews and conferences given by Nadine Levratto, an economist, research director at CNRS and EconomiX (CNRS - Paris Nanterre University mixed research lab.) and lecturer at Paris 1 Panth\u00e9on Sorbonne University and Paris Nanterre University. Her main research themes focus on the economy of the firm, industrial policies and territories.","og_url":"https:\/\/nadinelevratto.education\/index.php\/en\/medias-conferences\/","og_site_name":"Nadine Levratto","article_modified_time":"2025-05-22T13:14:16+00:00","twitter_card":"summary_large_image","twitter_misc":{"Dur\u00e9e de lecture estim\u00e9e":"7 minutes"},"schema":{"@context":"https:\/\/schema.org","@graph":[{"@type":"WebPage","@id":"https:\/\/nadinelevratto.education\/index.php\/en\/medias-conferences\/","url":"https:\/\/nadinelevratto.education\/index.php\/en\/medias-conferences\/","name":"Medias \/ Conferences - Nadine Levratto","isPartOf":{"@id":"https:\/\/nadinelevratto.education\/#website"},"datePublished":"2024-06-06T14:55:45+00:00","dateModified":"2025-05-22T13:14:16+00:00","description":"Interviews and conferences given by Nadine Levratto, an economist, research director at CNRS and EconomiX (CNRS - Paris Nanterre University mixed research lab.) and lecturer at Paris 1 Panth\u00e9on Sorbonne University and Paris Nanterre University. Her main research themes focus on the economy of the firm, industrial policies and territories.","breadcrumb":{"@id":"https:\/\/nadinelevratto.education\/index.php\/en\/medias-conferences\/#breadcrumb"},"inLanguage":"fr-FR","potentialAction":[{"@type":"ReadAction","target":["https:\/\/nadinelevratto.education\/index.php\/en\/medias-conferences\/"]}]},{"@type":"BreadcrumbList","@id":"https:\/\/nadinelevratto.education\/index.php\/en\/medias-conferences\/#breadcrumb","itemListElement":[{"@type":"ListItem","position":1,"name":"Accueil","item":"https:\/\/nadinelevratto.education\/index.php\/en\/home\/"},{"@type":"ListItem","position":2,"name":"Medias \/ Conferences"}]},{"@type":"WebSite","@id":"https:\/\/nadinelevratto.education\/#website","url":"https:\/\/nadinelevratto.education\/","name":"Nadine Levratto","description":"","publisher":{"@id":"https:\/\/nadinelevratto.education\/#organization"},"potentialAction":[{"@type":"SearchAction","target":{"@type":"EntryPoint","urlTemplate":"https:\/\/nadinelevratto.education\/?s={search_term_string}"},"query-input":{"@type":"PropertyValueSpecification","valueRequired":true,"valueName":"search_term_string"}}],"inLanguage":"fr-FR"},{"@type":"Organization","@id":"https:\/\/nadinelevratto.education\/#organization","name":"Nadine Levratto","url":"https:\/\/nadinelevratto.education\/","logo":{"@type":"ImageObject","inLanguage":"fr-FR","@id":"https:\/\/nadinelevratto.education\/#\/schema\/logo\/image\/","url":"https:\/\/nadinelevratto.education\/wp-content\/uploads\/2024\/07\/cropped-cropped-NADINE-LEVRATTO-fav-v3.png","contentUrl":"https:\/\/nadinelevratto.education\/wp-content\/uploads\/2024\/07\/cropped-cropped-NADINE-LEVRATTO-fav-v3.png","width":512,"height":512,"caption":"Nadine Levratto"},"image":{"@id":"https:\/\/nadinelevratto.education\/#\/schema\/logo\/image\/"}}]}},"_links":{"self":[{"href":"https:\/\/nadinelevratto.education\/index.php\/wp-json\/wp\/v2\/pages\/245","targetHints":{"allow":["GET"]}}],"collection":[{"href":"https:\/\/nadinelevratto.education\/index.php\/wp-json\/wp\/v2\/pages"}],"about":[{"href":"https:\/\/nadinelevratto.education\/index.php\/wp-json\/wp\/v2\/types\/page"}],"author":[{"embeddable":true,"href":"https:\/\/nadinelevratto.education\/index.php\/wp-json\/wp\/v2\/users\/1"}],"replies":[{"embeddable":true,"href":"https:\/\/nadinelevratto.education\/index.php\/wp-json\/wp\/v2\/comments?post=245"}],"version-history":[{"count":196,"href":"https:\/\/nadinelevratto.education\/index.php\/wp-json\/wp\/v2\/pages\/245\/revisions"}],"predecessor-version":[{"id":2208,"href":"https:\/\/nadinelevratto.education\/index.php\/wp-json\/wp\/v2\/pages\/245\/revisions\/2208"}],"wp:attachment":[{"href":"https:\/\/nadinelevratto.education\/index.php\/wp-json\/wp\/v2\/media?parent=245"}],"curies":[{"name":"wp","href":"https:\/\/api.w.org\/{rel}","templated":true}]}}