{"id":1929,"date":"2024-11-07T16:18:52","date_gmt":"2024-11-07T15:18:52","guid":{"rendered":"https:\/\/nadinelevratto.education\/?page_id=1929"},"modified":"2025-05-22T14:32:43","modified_gmt":"2025-05-22T12:32:43","slug":"medias-conferences-2","status":"publish","type":"page","link":"https:\/\/nadinelevratto.education\/index.php\/medias-conferences-2\/","title":{"rendered":"M\u00e9dias \/ Conf\u00e9rences"},"content":{"rendered":"\t\t<div data-elementor-type=\"wp-page\" data-elementor-id=\"1929\" class=\"elementor elementor-1929\">\n\t\t\t\t<div class=\"elementor-element elementor-element-6046cf33 e-flex e-con-boxed e-con e-parent\" data-id=\"6046cf33\" data-element_type=\"container\" data-e-type=\"container\">\n\t\t\t\t\t<div class=\"e-con-inner\">\n\t\t\t\t<div class=\"elementor-element elementor-element-3d2c9ad1 elementor-widget elementor-widget-spacer\" data-id=\"3d2c9ad1\" data-element_type=\"widget\" data-e-type=\"widget\" data-widget_type=\"spacer.default\">\n\t\t\t\t<div class=\"elementor-widget-container\">\n\t\t\t\t\t\t\t<div class=\"elementor-spacer\">\n\t\t\t<div class=\"elementor-spacer-inner\"><\/div>\n\t\t<\/div>\n\t\t\t\t\t\t<\/div>\n\t\t\t\t<\/div>\n\t\t\t\t\t<\/div>\n\t\t\t\t<\/div>\n\t\t<div class=\"elementor-element elementor-element-1a7e9741 e-flex e-con-boxed e-con e-parent\" data-id=\"1a7e9741\" data-element_type=\"container\" data-e-type=\"container\">\n\t\t\t\t\t<div class=\"e-con-inner\">\n\t\t\t\t<div class=\"elementor-element elementor-element-61ada0b6 elementor-widget elementor-widget-heading\" data-id=\"61ada0b6\" data-element_type=\"widget\" data-e-type=\"widget\" data-widget_type=\"heading.default\">\n\t\t\t\t<div class=\"elementor-widget-container\">\n\t\t\t\t\t<h1 class=\"elementor-heading-title elementor-size-default\">Interviews<\/h1>\t\t\t\t<\/div>\n\t\t\t\t<\/div>\n\t\t\t\t\t<\/div>\n\t\t\t\t<\/div>\n\t\t<div class=\"elementor-element elementor-element-4a3a5c1e e-flex e-con-boxed e-con e-parent\" data-id=\"4a3a5c1e\" data-element_type=\"container\" data-e-type=\"container\">\n\t\t\t\t\t<div class=\"e-con-inner\">\n\t\t\t\t<div class=\"elementor-element elementor-element-1cec8bb5 elementor-widget elementor-widget-spacer\" data-id=\"1cec8bb5\" data-element_type=\"widget\" data-e-type=\"widget\" data-widget_type=\"spacer.default\">\n\t\t\t\t<div class=\"elementor-widget-container\">\n\t\t\t\t\t\t\t<div class=\"elementor-spacer\">\n\t\t\t<div class=\"elementor-spacer-inner\"><\/div>\n\t\t<\/div>\n\t\t\t\t\t\t<\/div>\n\t\t\t\t<\/div>\n\t\t\t\t<div class=\"elementor-element elementor-element-4335daf3 elementor-widget elementor-widget-accordion\" data-id=\"4335daf3\" data-element_type=\"widget\" data-e-type=\"widget\" data-widget_type=\"accordion.default\">\n\t\t\t\t<div class=\"elementor-widget-container\">\n\t\t\t\t\t\t\t<div class=\"elementor-accordion\">\n\t\t\t\t\t\t\t<div class=\"elementor-accordion-item\">\n\t\t\t\t\t<div id=\"elementor-tab-title-1121\" class=\"elementor-tab-title\" data-tab=\"1\" role=\"button\" aria-controls=\"elementor-tab-content-1121\" aria-expanded=\"false\">\n\t\t\t\t\t\t\t\t\t\t\t\t\t<span class=\"elementor-accordion-icon elementor-accordion-icon-left\" aria-hidden=\"true\">\n\t\t\t\t\t\t\t\t\t\t\t\t\t\t\t<span class=\"elementor-accordion-icon-closed\"><svg class=\"e-font-icon-svg e-fas-plus\" viewBox=\"0 0 448 512\" xmlns=\"http:\/\/www.w3.org\/2000\/svg\"><path d=\"M416 208H272V64c0-17.67-14.33-32-32-32h-32c-17.67 0-32 14.33-32 32v144H32c-17.67 0-32 14.33-32 32v32c0 17.67 14.33 32 32 32h144v144c0 17.67 14.33 32 32 32h32c17.67 0 32-14.33 32-32V304h144c17.67 0 32-14.33 32-32v-32c0-17.67-14.33-32-32-32z\"><\/path><\/svg><\/span>\n\t\t\t\t\t\t\t\t<span class=\"elementor-accordion-icon-opened\"><svg class=\"e-font-icon-svg e-fas-minus\" viewBox=\"0 0 448 512\" xmlns=\"http:\/\/www.w3.org\/2000\/svg\"><path d=\"M416 208H32c-17.67 0-32 14.33-32 32v32c0 17.67 14.33 32 32 32h384c17.67 0 32-14.33 32-32v-32c0-17.67-14.33-32-32-32z\"><\/path><\/svg><\/span>\n\t\t\t\t\t\t\t\t\t\t\t\t\t\t<\/span>\n\t\t\t\t\t\t\t\t\t\t\t\t<a class=\"elementor-accordion-title\" tabindex=\"0\">Radio<\/a>\n\t\t\t\t\t<\/div>\n\t\t\t\t\t<div id=\"elementor-tab-content-1121\" class=\"elementor-tab-content elementor-clearfix\" data-tab=\"1\" role=\"region\" aria-labelledby=\"elementor-tab-title-1121\"><p class=\"a-page-title\"><a href=\"https:\/\/www.rfi.fr\/fr\/podcasts\/d%C3%A9bat-du-jour\/20250521-l-entrepreneuriat-est-il-suffisamment-encourag%C3%A9-en-france\" target=\"_blank\" rel=\"noopener\">L\u2019entrepreneuriat est-il suffisamment encourag\u00e9 en France ?<\/a>, RFI, 21 mai 2025<\/p><p><a href=\"https:\/\/www.radiofrance.fr\/franceculture\/podcasts\/la-question-du-jour\/industrie-la-nationalisation-peut-elle-etre-une-solution-8728060\" target=\"_blank\" rel=\"noopener\">Industrie : la nationalisation peut-elle \u00eatre une solution ?<\/a>, La Question du Jour, France Culture, 5 mai 2025<\/p><p class=\"CoverEpisode-title qg-tt3 svelte-r5ms83\"><a href=\"https:\/\/www.radiofrance.fr\/franceculture\/podcasts\/questions-du-soir-le-debat\/industrie-le-temps-du-protectionnisme-est-il-advenu-8795237\" target=\"_blank\" rel=\"noopener\">Industrie : le temps du protectionnisme est-il advenu ?<\/a>, France Culture, 26 novembre 2024<\/p><p class=\"CoverEpisode-title qg-tt3 svelte-r5ms83\"><a href=\"https:\/\/www.radiofrance.fr\/franceculture\/podcasts\/la-question-du-jour\/re-industrialisation-la-fin-d-un-reve-francais-2415800\" target=\"_blank\" rel=\"noopener\">R\u00e9-industrialisation : la fin d\u2019un r\u00eave fran\u00e7ais ?<\/a>, France Culture, 12 novembre 2024<\/p><p class=\"CoverEpisode-title qg-tt3 svelte-r5ms83\"><a href=\"https:\/\/www.radiofrance.fr\/franceculture\/podcasts\/entendez-vous-l-eco\/sanofi-l-industrie-face-a-la-fievre-financiere-3628766\" target=\"_blank\" rel=\"noopener\">Sanofi : l\u2019industrie face \u00e0 la fi\u00e8vre financi\u00e8re<\/a>, France Culture, 28 octobre 2024<\/p><p class=\"CoverEpisode-title qg-tt3 svelte-r5ms83\"><a href=\"https:\/\/www.radiofrance.fr\/franceculture\/podcasts\/entendez-vous-l-eco\/restrictions-budgetaires-l-industrie-au-second-plan-3037934\">Restrictions budg\u00e9taires : l\u2019industrie au second plan ?<\/a>, France Culture, 4 octobre 2024<\/p><p><a href=\"https:\/\/www.radiofrance.fr\/franceculture\/podcasts\/l-invite-e-des-matins\/reindustrialisation-quelle-methode-derriere-le-slogan-politique-2013930\" target=\"_blank\" rel=\"noopener\">R\u00e9industrialisation : quelle m\u00e9thode derri\u00e8re le slogan politique ?<\/a><a href=\"https:\/\/acteurspublics.fr\/webtv\/emissions\/entretiens-publics\/nadine-levratto-le-clivage-entre-urbain-et-rural-est-une-vue-de-lesprit\">\u201d<\/a>, France Culture, 16 juin 2023<\/p><p><a href=\"https:\/\/www.radiofrance.fr\/franceculture\/podcasts\/les-enjeux-territoriaux\/derriere-le-mythe-de-la-reindustrialisation-la-disparite-des-territoires-5058837\" target=\"_blank\" rel=\"noopener\">Derri\u00e8re le mythe de la r\u00e9industrialisation, la disparit\u00e9 des territoires<\/a>, France Culture, 13 avril 2023<\/p><p><a href=\"https:\/\/www.radiofrance.fr\/franceinter\/podcasts\/l-invite-de-6h20\/l-invite-de-6h20-du-vendredi-10-fevrier-2023-7136078\">Quand les \u00c9tats-Unis et la Chine ne respectent pas les r\u00e8gles, il n&rsquo;y a plus de r\u00e8gle<\/a>, France Inter, 10 f\u00e9vrier 2023<\/p><p><a href=\"https:\/\/www.radiofrance.fr\/franceculture\/podcasts\/entendez-vous-l-eco\/medicaments-lutter-contre-la-penurie-5416104\" target=\"_blank\" rel=\"noopener\">P\u00e9nuries : faut-il relocaliser l\u2019industrie du m\u00e9dicament ?<\/a>, France Culture, 12 janvier 2023<\/p><\/div>\n\t\t\t\t<\/div>\n\t\t\t\t\t\t\t<div class=\"elementor-accordion-item\">\n\t\t\t\t\t<div id=\"elementor-tab-title-1122\" class=\"elementor-tab-title\" data-tab=\"2\" role=\"button\" aria-controls=\"elementor-tab-content-1122\" aria-expanded=\"false\">\n\t\t\t\t\t\t\t\t\t\t\t\t\t<span class=\"elementor-accordion-icon elementor-accordion-icon-left\" aria-hidden=\"true\">\n\t\t\t\t\t\t\t\t\t\t\t\t\t\t\t<span class=\"elementor-accordion-icon-closed\"><svg class=\"e-font-icon-svg e-fas-plus\" viewBox=\"0 0 448 512\" xmlns=\"http:\/\/www.w3.org\/2000\/svg\"><path d=\"M416 208H272V64c0-17.67-14.33-32-32-32h-32c-17.67 0-32 14.33-32 32v144H32c-17.67 0-32 14.33-32 32v32c0 17.67 14.33 32 32 32h144v144c0 17.67 14.33 32 32 32h32c17.67 0 32-14.33 32-32V304h144c17.67 0 32-14.33 32-32v-32c0-17.67-14.33-32-32-32z\"><\/path><\/svg><\/span>\n\t\t\t\t\t\t\t\t<span class=\"elementor-accordion-icon-opened\"><svg class=\"e-font-icon-svg e-fas-minus\" viewBox=\"0 0 448 512\" xmlns=\"http:\/\/www.w3.org\/2000\/svg\"><path d=\"M416 208H32c-17.67 0-32 14.33-32 32v32c0 17.67 14.33 32 32 32h384c17.67 0 32-14.33 32-32v-32c0-17.67-14.33-32-32-32z\"><\/path><\/svg><\/span>\n\t\t\t\t\t\t\t\t\t\t\t\t\t\t<\/span>\n\t\t\t\t\t\t\t\t\t\t\t\t<a class=\"elementor-accordion-title\" tabindex=\"0\">TV et internet<\/a>\n\t\t\t\t\t<\/div>\n\t\t\t\t\t<div id=\"elementor-tab-content-1122\" class=\"elementor-tab-content elementor-clearfix\" data-tab=\"2\" role=\"region\" aria-labelledby=\"elementor-tab-title-1122\"><p class=\"heading-h2\"><a href=\"https:\/\/www.publicsenat.fr\/emission\/sens-public\/faillites-les-entreprises-francaises-sont-elles-malades-e0\" target=\"_blank\" rel=\"noopener\">Faillites : Les entreprises fran\u00e7aises sont-elles malades ?<\/a>, Public S\u00e9nat, 28 octobre 2024<\/p><p><a href=\"https:\/\/www.france.tv\/franceinfo\/le-monde-de-loison\/6002772-emission-du-lundi-13-mai-2024.html\" target=\"_blank\" rel=\"noopener\">Le Monde de Loison<\/a>, France TV, 13 mai 2024<\/p><p class=\"style-scope ytd-watch-metadata\"><a href=\"https:\/\/youtu.be\/AoZhmCWQ8WQ?si=ejhhZtAftg6Bmkat\">Interview AEFR<\/a> &#8211; Association Europe Finances Regulation, 23 octobre 2023<\/p><p class=\"style-scope ytd-watch-metadata\"><a href=\"https:\/\/youtu.be\/pZLwXwm9JQM?si=_3NfCyBpUw0_lrdV\">Concevoir les nouveaux territoires d&rsquo;industrie<\/a> &#8211; Meeting in Dunkerque, juillet 2023<\/p><p>L&rsquo;Atelier des M\u00e9tamorphoses #8 : <a href=\"https:\/\/youtu.be\/A_0Ndg_59I0?si=4kE23hb8Al_Zerx4\">Amour et d\u00e9samour des m\u00e9tropoles<\/a>, f\u00e9vrier 2023<\/p><p><a href=\"https:\/\/www.bfmtv.com\/economie\/replay-emissions\/les-experts\/l-integrale-des-experts-du-vendredi-16-septembre_EN-202209160822.html\">Les Experts<\/a>, BFM TV, 16 septembre 2022<\/p><p><a href=\"https:\/\/www.bfmtv.com\/economie\/replay-emissions\/les-experts\/les-experts-quel-bilan-sur-les-grandes-mesures-de-la-loi-pouvoir-d-achat-26-07_VN-202207260164.html\">Les Experts<\/a>, BFM TV, 26 juillet 2022<\/p><p><a href=\"https:\/\/www.bfmtv.com\/economie\/replay-emissions\/les-experts\/l-integrale-des-experts-du-mercredi-8-juin_EN-202206080725.html\">Les Experts<\/a>, BFM TV, 8 juin 2022<\/p><p><a href=\"https:\/\/www.bfmtv.com\/economie\/replay-emissions\/les-experts\/l-integrale-des-experts-du-mercredi-20-avril_EN-202204200742.html\">Les Experts<\/a>, BFM TV, 20 avril 2022<\/p><p id=\"tw-target-text\" class=\"tw-data-text tw-text-large tw-ta\" dir=\"ltr\" data-placeholder=\"Traduction\" data-ved=\"2ahUKEwjSt7Pln8qJAxUQTKQEHXRdBYQQ3ewLegQICRAU\" aria-label=\"Texte traduit\u00a0: Questions suite \u00e0 l'audition par la section Travail et Emploi du Conseil \u00e9conomique, social et environnemental dans le cadre de la saisine\"><a href=\"https:\/\/youtu.be\/YweMraVVpHU?si=XgEIVS1ffWS5R8zv\" target=\"_blank\" rel=\"noopener\"><span class=\"Y2IQFc\" lang=\"fr\">Questions suite \u00e0 l&rsquo;audition par la section Travail et Emploi du Conseil \u00e9conomique, social et environnemental dans le cadre de la saisine : <\/span><\/a><span class=\"Y2IQFc\" lang=\"en\">\u00a0\u201cWork, employment and mobility\u201d, s<\/span>eptembre 2019<\/p><p class=\"title title--page webtv__title js-title\"><a href=\"https:\/\/acteurspublics.fr\/webtv\/emissions\/entretiens-publics\/nadine-levratto-le-clivage-entre-urbain-et-rural-est-une-vue-de-lesprit\">Le clivage entre urbain et rural est une vue de l\u2019esprit<\/a>, Acteurs Publics,\u00a0 juillet 2018<\/p><\/div>\n\t\t\t\t<\/div>\n\t\t\t\t\t\t\t<div class=\"elementor-accordion-item\">\n\t\t\t\t\t<div id=\"elementor-tab-title-1123\" class=\"elementor-tab-title\" data-tab=\"3\" role=\"button\" aria-controls=\"elementor-tab-content-1123\" aria-expanded=\"false\">\n\t\t\t\t\t\t\t\t\t\t\t\t\t<span class=\"elementor-accordion-icon elementor-accordion-icon-left\" aria-hidden=\"true\">\n\t\t\t\t\t\t\t\t\t\t\t\t\t\t\t<span class=\"elementor-accordion-icon-closed\"><svg class=\"e-font-icon-svg e-fas-plus\" viewBox=\"0 0 448 512\" xmlns=\"http:\/\/www.w3.org\/2000\/svg\"><path d=\"M416 208H272V64c0-17.67-14.33-32-32-32h-32c-17.67 0-32 14.33-32 32v144H32c-17.67 0-32 14.33-32 32v32c0 17.67 14.33 32 32 32h144v144c0 17.67 14.33 32 32 32h32c17.67 0 32-14.33 32-32V304h144c17.67 0 32-14.33 32-32v-32c0-17.67-14.33-32-32-32z\"><\/path><\/svg><\/span>\n\t\t\t\t\t\t\t\t<span class=\"elementor-accordion-icon-opened\"><svg class=\"e-font-icon-svg e-fas-minus\" viewBox=\"0 0 448 512\" xmlns=\"http:\/\/www.w3.org\/2000\/svg\"><path d=\"M416 208H32c-17.67 0-32 14.33-32 32v32c0 17.67 14.33 32 32 32h384c17.67 0 32-14.33 32-32v-32c0-17.67-14.33-32-32-32z\"><\/path><\/svg><\/span>\n\t\t\t\t\t\t\t\t\t\t\t\t\t\t<\/span>\n\t\t\t\t\t\t\t\t\t\t\t\t<a class=\"elementor-accordion-title\" tabindex=\"0\">Journaux et interviews \u00e9crites<\/a>\n\t\t\t\t\t<\/div>\n\t\t\t\t\t<div id=\"elementor-tab-content-1123\" class=\"elementor-tab-content elementor-clearfix\" data-tab=\"3\" role=\"region\" aria-labelledby=\"elementor-tab-title-1123\"><p><a href=\"https:\/\/theconversation.com\/cvae-territoires-dindustrie-les-contradictions-de-la-politique-de-reindustrialisation-a-la-francaise-245903\" target=\"_blank\" rel=\"noopener\">CVAE, Territoires d\u2019industrie : les contradictions de la politique de r\u00e9industrialisation \u00e0 la fran\u00e7aise<\/a>, The Conversation, 5 janvier 2025<\/p><p><a href=\"https:\/\/www.alternatives-economiques.fr\/photovoltaique-leurope-entame-une-difficile-renaissance-industrielle\/00109881\" target=\"_blank\" rel=\"noopener\">Photovolta\u00efque : l\u2019Europe entame une difficile renaissance industrielle<\/a>, Alternatives Economiques, 6 mars 2024<\/p><p><span style=\"background-color: transparent; color: var( --e-global-color-57c8da2 );\"><a href=\"https:\/\/www.alternatives-economiques.fr\/aides-aux-entreprises-grand-bazar-collectivites-locales\/00109858\" target=\"_blank\" rel=\"noopener\">Aides aux entreprises : le grand bazar dans les collectivit\u00e9s locales<\/a>, Alternatives Economiques, 26 f\u00e9vrier 2024<\/span><\/p><p class=\"o-head__title\"><a href=\"https:\/\/www.alternatives-economiques.fr\/wojtek-kalinowski\/donnons-a-leurope-moyens-dagir\/00109539\" target=\"_blank\" rel=\"noopener\">Donnons \u00e0 l\u2019Europe les moyens d\u2019agir<\/a>, Alternatives Economiques, 9 janvier 2024<\/p><p><a href=\"https:\/\/www.latribune.fr\/t-la-revue\/n-16-reindustrialiser-la-france\/t-la-revue-special-reindustrialisation-est-en-kiosque-971332.html\">R\u00e9industrialiser et d\u00e9carboner la France<\/a>, T La Revue de la Tribune, septembre 2023<\/p><p><a href=\"https:\/\/www.alternatives-economiques.fr\/champs-investir-leconomie-sociale-solidaire\/00108083\" target=\"_blank\" rel=\"noopener\">Quels champs doit investir l\u2019\u00e9conomie sociale et solidaire ?<\/a>, Alternatives Economiques, 15 septembre 2023<\/p><p><a href=\"https:\/\/www.alternatives-economiques.fr\/faut-sattendre-a-un-mur-faillites\/00107732\" target=\"_blank\" rel=\"noopener\">Faut-il s\u2019attendre \u00e0 un\u00a0 \u201cmur des faillites\u201d <\/a><a href=\"https:\/\/www.alternatives-economiques.fr\/faut-sattendre-a-un-mur-faillites\/00107732\" target=\"_blank\" rel=\"noopener\">?<\/a>, Alternatives Economiques, 31 ao\u00fbt 2023<\/p><p><span style=\"background-color: transparent; color: var( --e-global-color-57c8da2 );\"><a href=\"https:\/\/www.challenges.fr\/economie\/depensiere-et-mal-evaluee-les-defauts-de-la-politique-industrielle-de-le-maire_859217\" target=\"_blank\" rel=\"noopener\">D\u00e9pensi\u00e8re et mal \u00e9valu\u00e9e : les d\u00e9fauts de la politique industrielle de Le Maire, <\/a><\/span><span style=\"background-color: transparent; color: var( --e-global-color-57c8da2 );\">Challenges, 20 juin 2023<\/span><\/p><p><a href=\"https:\/\/www.alternatives-economiques.fr\/bienfaits-de-leconomie-sociale-solidaire\/00106967\" target=\"_blank\" rel=\"noopener\">Les bienfaits de l\u2019\u00e9conomie sociale et solidaire<\/a>, Alternatives Economiques, 19 mai 2023<\/p><p><a href=\"https:\/\/www.lagazettedescommunes.com\/864212\/nadine-levratto-%E2%80%89il-faut-redonner-aux-politiques-economiques-les-moyens-dagir%E2%80%89\/\" target=\"_blank\" rel=\"noopener\">Il faut redonner aux politiques \u00e9conomiques les moyens d\u2019agir<\/a>, La Gazette des Communes, 21 avril 2023<\/p><p><a href=\"https:\/\/theconversation.com\/chomage-un-chiffre-au-plus-bas-mais-qui-masque-le-creusement-des-inegalites-entre-les-territoires-203065\" target=\"_blank\" rel=\"noopener\">Ch\u00f4mage : un chiffre au plus bas mais qui masque le creusement des in\u00e9galit\u00e9s entre les territoires<\/a>, The Conversation, 3 avril 2023<\/p><p><a href=\"https:\/\/www.alternatives-economiques.fr\/plus-de-300-economistes-ont-signe-lappel-un-nouveau-contrat-social\/00106337\" target=\"_blank\" rel=\"noopener\">Plus de 300 \u00e9conomistes et chercheurs ont sign\u00e9 l\u2019appel \u201cPour un nouveau contrat social et \u00e9cologique<\/a>\u201d, Alternatives Economiques, 24 mars 2023<\/p><p><a href=\"https:\/\/www.alternatives-economiques.fr\/vraies-raisons-deficit-commercial-francais\/00106010\" target=\"_blank\" rel=\"noopener\">Les vraies raisons du d\u00e9ficit commercial fran\u00e7ais<\/a>, Alternatives Economiques, 10 f\u00e9vrier 2023<\/p><p><a href=\"https:\/\/www.alternatives-economiques.fr\/couteuses-aides-publiques-aux-entreprises-efficaces\/00105830\" target=\"_blank\" rel=\"noopener\">Co\u00fbteuses, les aides publiques aux entreprises sont-elles au moins efficaces ?<\/a>, Alternatives Economiques, 21 janvier 2023<\/p><p><a href=\"https:\/\/www.alternatives-economiques.fr\/economie-sociale-solidaire-gagner-bataille-idees\/00105107\" target=\"_blank\" rel=\"noopener\">Economie sociale et solidaire : gagner la bataille des id\u00e9es !<\/a>, Alternatives Economiques, 16 novembre 2022<\/p><p><a href=\"https:\/\/www.alternatives-economiques.fr\/industrie-certains-territoires-pleurent-dautres-rient\/00102978\" target=\"_blank\" rel=\"noopener\">Industrie : pourquoi certains territoires pleurent\u2026 et d\u2019autres rient<\/a>, Alternatives Economiques, 17 mai 2022<\/p><p><a href=\"https:\/\/www.alternatives-economiques.fr\/herve-nathan\/une-industrie-france-linverse\/00100380\" target=\"_blank\" rel=\"noopener\">Une industrie pour la France, pas l\u2019inverse<\/a>, Alternatives Economiques, 16 septembre 2021<\/p><\/div>\n\t\t\t\t<\/div>\n\t\t\t\t\t\t\t\t<\/div>\n\t\t\t\t\t\t<\/div>\n\t\t\t\t<\/div>\n\t\t\t\t<div class=\"elementor-element elementor-element-28e931f7 elementor-widget elementor-widget-spacer\" data-id=\"28e931f7\" data-element_type=\"widget\" data-e-type=\"widget\" data-widget_type=\"spacer.default\">\n\t\t\t\t<div class=\"elementor-widget-container\">\n\t\t\t\t\t\t\t<div class=\"elementor-spacer\">\n\t\t\t<div class=\"elementor-spacer-inner\"><\/div>\n\t\t<\/div>\n\t\t\t\t\t\t<\/div>\n\t\t\t\t<\/div>\n\t\t\t\t\t<\/div>\n\t\t\t\t<\/div>\n\t\t<div class=\"elementor-element elementor-element-70cb6757 e-flex e-con-boxed e-con e-parent\" data-id=\"70cb6757\" data-element_type=\"container\" data-e-type=\"container\">\n\t\t\t\t\t<div class=\"e-con-inner\">\n\t\t\t\t<div class=\"elementor-element elementor-element-626ad7e2 elementor-widget elementor-widget-heading\" data-id=\"626ad7e2\" data-element_type=\"widget\" data-e-type=\"widget\" data-widget_type=\"heading.default\">\n\t\t\t\t<div class=\"elementor-widget-container\">\n\t\t\t\t\t<h1 class=\"elementor-heading-title elementor-size-default\">Derniers s\u00e9minaires et conf\u00e9rences <\/h1>\t\t\t\t<\/div>\n\t\t\t\t<\/div>\n\t\t\t\t<div class=\"elementor-element elementor-element-7560192a elementor-widget elementor-widget-accordion\" data-id=\"7560192a\" data-element_type=\"widget\" data-e-type=\"widget\" data-widget_type=\"accordion.default\">\n\t\t\t\t<div class=\"elementor-widget-container\">\n\t\t\t\t\t\t\t<div class=\"elementor-accordion\">\n\t\t\t\t\t\t\t<div class=\"elementor-accordion-item\">\n\t\t\t\t\t<div id=\"elementor-tab-title-1961\" class=\"elementor-tab-title\" data-tab=\"1\" role=\"button\" aria-controls=\"elementor-tab-content-1961\" aria-expanded=\"false\">\n\t\t\t\t\t\t\t\t\t\t\t\t\t<span class=\"elementor-accordion-icon elementor-accordion-icon-left\" aria-hidden=\"true\">\n\t\t\t\t\t\t\t\t\t\t\t\t\t\t\t<span class=\"elementor-accordion-icon-closed\"><svg class=\"e-font-icon-svg e-fas-plus\" viewBox=\"0 0 448 512\" xmlns=\"http:\/\/www.w3.org\/2000\/svg\"><path d=\"M416 208H272V64c0-17.67-14.33-32-32-32h-32c-17.67 0-32 14.33-32 32v144H32c-17.67 0-32 14.33-32 32v32c0 17.67 14.33 32 32 32h144v144c0 17.67 14.33 32 32 32h32c17.67 0 32-14.33 32-32V304h144c17.67 0 32-14.33 32-32v-32c0-17.67-14.33-32-32-32z\"><\/path><\/svg><\/span>\n\t\t\t\t\t\t\t\t<span class=\"elementor-accordion-icon-opened\"><svg class=\"e-font-icon-svg e-fas-minus\" viewBox=\"0 0 448 512\" xmlns=\"http:\/\/www.w3.org\/2000\/svg\"><path d=\"M416 208H32c-17.67 0-32 14.33-32 32v32c0 17.67 14.33 32 32 32h384c17.67 0 32-14.33 32-32v-32c0-17.67-14.33-32-32-32z\"><\/path><\/svg><\/span>\n\t\t\t\t\t\t\t\t\t\t\t\t\t\t<\/span>\n\t\t\t\t\t\t\t\t\t\t\t\t<a class=\"elementor-accordion-title\" tabindex=\"0\">Conf\u00e9rences invit\u00e9e et s\u00e9minaires <\/a>\n\t\t\t\t\t<\/div>\n\t\t\t\t\t<div id=\"elementor-tab-content-1961\" class=\"elementor-tab-content elementor-clearfix\" data-tab=\"1\" role=\"region\" aria-labelledby=\"elementor-tab-title-1961\"><p>Commission des affaires europ\u00e9ennes de l&rsquo;Assembl\u00e9e Nationale : Table ronde sur le rapport Draghi avec Elie Cohen \/ A partir de la 26<sup>\u00e8me<\/sup>\u00a0minute\u00a0:\u00a0<a href=\"https:\/\/www.youtube.com\/watch?v=dLQ3TsKYsIE\" target=\"_blank\" rel=\"noopener noreferrer\">https:\/\/www.youtube.com\/watch?v=dLQ3TsKYsIE<\/a>, 20 novembre 2024<\/p><p>Les entreprises zombies : les sauver ou s\u2019en d\u00e9faire ?, <span class=\"Y2IQFc\" lang=\"en\"> 5e Conf\u00e9rence interdisciplinaire sur l&rsquo;\u00e9chec des entreprises (CIDE), Universit\u00e9 de Sherbrooke (Quebec, Canada), 27-28 avril 2022<\/span><\/p><p>Diversit\u00e9 des trajectoires de d\u00e9veloppement des \u00e9cosyst\u00e8mes entrepreneuriaux territoriaux, S\u00e9minaire externe du D\u00e9partement des Sciences de Gestion et Entrepreneuriat<span class=\"Y2IQFc\" lang=\"en\">, Universit\u00e9 de Sherbrooke (Quebec, Canada), 13 septembre 2019<\/span><\/p><p>Small, medium, strong : The value of SMEs, Conf\u00e9rence de l&rsquo;OCDE sur les PME et le tissu urbain, 15-16 avril 2019, Trento (Italie)<\/p><p>La performance des m\u00e9tropoles en question, Conf\u00e9rence sur les m\u00e9tropoles en questions. Quand des dynamiques de croissance cohabitent avec des situations de crise, organis\u00e9e par<span class=\"Y2IQFc\" lang=\"en\"> ENPC, CIRED, LATTS et Paris Est Universit\u00e9, 29 mars 2019<\/span><\/p><p>Firm value, corporate environmental responsibility and innovation : an empirical perspective, Workshop <em>Innovation, entrepreneurship and organizational behavior<\/em>, PRISM &#8211; Universit\u00e9 Paris 1 Panth\u00e9on Sorbonne, Paris, 6-7 d\u00e9cembre 2018.<\/p><p>Business angels and small firm performance : finance does not make it all, KID <em>2018 Summer-school on Knowledge Dynamics, Industry Evolution, Economic Development<\/em>, 8 juillet 2018, Nice (France)<\/p><p>Money cannot buy firm performance, but Business Angels have more to o\ufb00er, <em>4th ZEW Conference on the Dynamics of Entrepreneurship<\/em>, 18-19 juin 2018, Mannheim (Allemagne)<\/p><p>Spatial Patterns and determinants of firm exit : an empirical analysis on France, <span class=\"Y2IQFc\" lang=\"en\">CREM seminar, Universit\u00e9 de Caen, 15 janvier 2018<\/span><\/p><p>New firms ? exit : does local banking market matter ?, <span class=\"Y2IQFc\" lang=\"en\">Public Policy Seminar, Sorbonne Economics Center, Universit\u00e9 Paris 1 Panth\u00e9on Sorbonne, 19 d\u00e9cembre 2017<\/span><\/p><p>Les disparit\u00e9s territoriales d\u2019\u00e9volution de l\u2019emploi sont-elles dues \u00e0 la nature des entreprises ou \u00e0 leur localisation ? Une analyse multiniveaux sur les zones d\u2019emploi fran\u00e7aises, Journ\u00e9es scientifiques de <span class=\"Y2IQFc\" lang=\"en\">l&rsquo;Universit\u00e9 de Toulon, 26 avril 2017<\/span><\/p><\/div>\n\t\t\t\t<\/div>\n\t\t\t\t\t\t\t<div class=\"elementor-accordion-item\">\n\t\t\t\t\t<div id=\"elementor-tab-title-1962\" class=\"elementor-tab-title\" data-tab=\"2\" role=\"button\" aria-controls=\"elementor-tab-content-1962\" aria-expanded=\"false\">\n\t\t\t\t\t\t\t\t\t\t\t\t\t<span class=\"elementor-accordion-icon elementor-accordion-icon-left\" aria-hidden=\"true\">\n\t\t\t\t\t\t\t\t\t\t\t\t\t\t\t<span class=\"elementor-accordion-icon-closed\"><svg class=\"e-font-icon-svg e-fas-plus\" viewBox=\"0 0 448 512\" xmlns=\"http:\/\/www.w3.org\/2000\/svg\"><path d=\"M416 208H272V64c0-17.67-14.33-32-32-32h-32c-17.67 0-32 14.33-32 32v144H32c-17.67 0-32 14.33-32 32v32c0 17.67 14.33 32 32 32h144v144c0 17.67 14.33 32 32 32h32c17.67 0 32-14.33 32-32V304h144c17.67 0 32-14.33 32-32v-32c0-17.67-14.33-32-32-32z\"><\/path><\/svg><\/span>\n\t\t\t\t\t\t\t\t<span class=\"elementor-accordion-icon-opened\"><svg class=\"e-font-icon-svg e-fas-minus\" viewBox=\"0 0 448 512\" xmlns=\"http:\/\/www.w3.org\/2000\/svg\"><path d=\"M416 208H32c-17.67 0-32 14.33-32 32v32c0 17.67 14.33 32 32 32h384c17.67 0 32-14.33 32-32v-32c0-17.67-14.33-32-32-32z\"><\/path><\/svg><\/span>\n\t\t\t\t\t\t\t\t\t\t\t\t\t\t<\/span>\n\t\t\t\t\t\t\t\t\t\t\t\t<a class=\"elementor-accordion-title\" tabindex=\"0\">Communications \u00e0 des colloques \u00e0 comit\u00e9s scientifiques<\/a>\n\t\t\t\t\t<\/div>\n\t\t\t\t\t<div id=\"elementor-tab-content-1962\" class=\"elementor-tab-content elementor-clearfix\" data-tab=\"2\" role=\"region\" aria-labelledby=\"elementor-tab-title-1962\"><p>A multilevel analysis of sentiment scores and hotel prices during the 2024 Olympic Games in Paris, 63\u00e8me congr\u00e8s ERSA, Terceira Island, Azores (Portugal) avec Arcuri, G., Bernard, M., Celardo, L., and Misuraca, M.<\/p><p>Who are the winners of local tax reforms ? An assessment of the abolition of the firm value-added contribution in France, 63\u00e8me congr\u00e8s ERSA, Terceira Island, Azores (Portugal) avec Poinsot, P.<\/p><p>Local Dynamics, Intra-sectorial Externalities and Spatial Spillover E\ufb00ects An application to French Employment Areas; AFSE congr\u00e8s annuel 2024 avec Amdaoud, M., Bordeaux, 17-19 juin\u00a0<\/p><p>Quels sont les gagnants et les perdants des r\u00e9formes de la fiscalit\u00e9 locale ? Une \u00e9valuation de la suppression de la CVAE; 59\u00e8me conf\u00e9rence ASRDLF, R\u00e9union, 29 juin &#8211; 1er Juillet 2023<\/p><p>Territoires d\u2019industrie : h\u00e9t\u00e9rog\u00e9n\u00e9it\u00e9 et convergence; 58\u00e8me conf\u00e9rence ASRDLF, Rennes, 30 juin &#8211; 1er juillet 2022<\/p><p>Does Commercial Court organization a\ufb00ect the bankruptcy rate ? Evidence from the 2009 French reform; 4e Atelier international Droit et politique \u00e9conomique, Paris, 13 d\u00e9cembre 2019<\/p><p>Firm soundness and knowledge externalities : a comparative regional analysis; 59\u00e8me congr\u00e8s ERSA, Lyon, 29 ao\u00fbt &#8211; 2 septembre 2019<\/p><p>Access to and sharing of data : a challenge for research on Business Angels; BAE Business Angels Europe Conference on Angel Investment Research 2019 ; Berlin, 13 mars 2019<\/p><p>L\u2019entrepreneuriat contribue-t-il \u00e0 la r\u00e9silience territoriale ? Une exploration sur donn\u00e9es des zones d\u2019emploi en France m\u00e9tropolitaine, 55\u00e8me conf\u00e9rence ASRDLF, Dejardin et Levratto, L. Universit\u00e9 de Caen, juillet 2018<\/p><p>Fiscalit\u00e9 locale et e\ufb00ets m\u00e9tropolitains, interactions entre pratiques des collectivit\u00e9s locales et dynamiques des entreprises, 55\u00e8me conf\u00e9rence ASRDLF, Chtioui, M. et Levratto, N., Universit\u00e9 de Caen, juillet 2018<\/p><\/div>\n\t\t\t\t<\/div>\n\t\t\t\t\t\t\t<div class=\"elementor-accordion-item\">\n\t\t\t\t\t<div id=\"elementor-tab-title-1963\" class=\"elementor-tab-title\" data-tab=\"3\" role=\"button\" aria-controls=\"elementor-tab-content-1963\" aria-expanded=\"false\">\n\t\t\t\t\t\t\t\t\t\t\t\t\t<span class=\"elementor-accordion-icon elementor-accordion-icon-left\" aria-hidden=\"true\">\n\t\t\t\t\t\t\t\t\t\t\t\t\t\t\t<span class=\"elementor-accordion-icon-closed\"><svg class=\"e-font-icon-svg e-fas-plus\" viewBox=\"0 0 448 512\" xmlns=\"http:\/\/www.w3.org\/2000\/svg\"><path d=\"M416 208H272V64c0-17.67-14.33-32-32-32h-32c-17.67 0-32 14.33-32 32v144H32c-17.67 0-32 14.33-32 32v32c0 17.67 14.33 32 32 32h144v144c0 17.67 14.33 32 32 32h32c17.67 0 32-14.33 32-32V304h144c17.67 0 32-14.33 32-32v-32c0-17.67-14.33-32-32-32z\"><\/path><\/svg><\/span>\n\t\t\t\t\t\t\t\t<span class=\"elementor-accordion-icon-opened\"><svg class=\"e-font-icon-svg e-fas-minus\" viewBox=\"0 0 448 512\" xmlns=\"http:\/\/www.w3.org\/2000\/svg\"><path d=\"M416 208H32c-17.67 0-32 14.33-32 32v32c0 17.67 14.33 32 32 32h384c17.67 0 32-14.33 32-32v-32c0-17.67-14.33-32-32-32z\"><\/path><\/svg><\/span>\n\t\t\t\t\t\t\t\t\t\t\t\t\t\t<\/span>\n\t\t\t\t\t\t\t\t\t\t\t\t<a class=\"elementor-accordion-title\" tabindex=\"0\">Communications \u00e0 des manfiestations \u00e0 public \u00e9largi<\/a>\n\t\t\t\t\t<\/div>\n\t\t\t\t\t<div id=\"elementor-tab-content-1963\" class=\"elementor-tab-content elementor-clearfix\" data-tab=\"3\" role=\"region\" aria-labelledby=\"elementor-tab-title-1963\"><ul><li>Sommet de l\u2019impact, 2024<\/li><li>Journ\u00e9e Finances d\u2019Intercommunalit\u00e9s de France, 2024<\/li><li>Institut La Bo\u00e9tie, 2024<\/li><li>Journ\u00e9es de l\u2019APSES \u00ab Les espaces \u00bb, 2023<\/li><li>Cercle des Territoires, 2023<\/li><li>Journ\u00e9e des \u00e9lus du P\u00f4le m\u00e9tropolitain Nantes Saint Nazaire, 2023<\/li><li>Journ\u00e9es de l\u2019Economie Autrement, 2023<\/li><li>Retour de l\u2019industrie en France, 2023<\/li><li>IHEST-Universit\u00e9 Territoriale du Val-de-Loire, 2023<\/li><li>Forum Europ\u00e9en Franco-Allemand, 2023<\/li><li>Congr\u00e8s National des IUT, 2023<\/li><li>Soci\u00e9t\u00e9 d\u2019Encouragement pour l\u2019Industrie Nationale, 2023<\/li><li>Comit\u00e9 Grand Lille, 2023<\/li><li>Conf\u00e9rence sur l\u2019Industrie de Rexecode, 2023<\/li><\/ul><\/div>\n\t\t\t\t<\/div>\n\t\t\t\t\t\t\t\t<\/div>\n\t\t\t\t\t\t<\/div>\n\t\t\t\t<\/div>\n\t\t\t\t<div class=\"elementor-element elementor-element-39c62449 elementor-widget elementor-widget-spacer\" data-id=\"39c62449\" data-element_type=\"widget\" data-e-type=\"widget\" data-widget_type=\"spacer.default\">\n\t\t\t\t<div class=\"elementor-widget-container\">\n\t\t\t\t\t\t\t<div class=\"elementor-spacer\">\n\t\t\t<div class=\"elementor-spacer-inner\"><\/div>\n\t\t<\/div>\n\t\t\t\t\t\t<\/div>\n\t\t\t\t<\/div>\n\t\t\t\t\t<\/div>\n\t\t\t\t<\/div>\n\t\t<div class=\"elementor-element elementor-element-55cdf33b e-flex e-con-boxed e-con e-parent\" data-id=\"55cdf33b\" data-element_type=\"container\" data-e-type=\"container\">\n\t\t\t\t\t<div class=\"e-con-inner\">\n\t\t\t\t<div class=\"elementor-element elementor-element-5f89cc2b elementor-align-center elementor-widget elementor-widget-button\" data-id=\"5f89cc2b\" data-element_type=\"widget\" data-e-type=\"widget\" data-widget_type=\"button.default\">\n\t\t\t\t<div class=\"elementor-widget-container\">\n\t\t\t\t\t\t\t\t\t<div class=\"elementor-button-wrapper\">\n\t\t\t\t\t<a class=\"elementor-button elementor-button-link elementor-size-sm\" href=\"http:\/\/nadinelevratto.education\/wp-content\/uploads\/2025\/05\/Liste-publications-complete-Vsans-liste-mai-2025.pdf\" target=\"_blank\">\n\t\t\t\t\t\t<span class=\"elementor-button-content-wrapper\">\n\t\t\t\t\t\t\t\t\t<span class=\"elementor-button-text\">T\u00e9l\u00e9charger tous les s\u00e9minaires et conf\u00e9rences<\/span>\n\t\t\t\t\t<\/span>\n\t\t\t\t\t<\/a>\n\t\t\t\t<\/div>\n\t\t\t\t\t\t\t\t<\/div>\n\t\t\t\t<\/div>\n\t\t\t\t<div class=\"elementor-element elementor-element-3a4d316 elementor-widget elementor-widget-heading\" data-id=\"3a4d316\" data-element_type=\"widget\" data-e-type=\"widget\" data-widget_type=\"heading.default\">\n\t\t\t\t<div class=\"elementor-widget-container\">\n\t\t\t\t\t<h1 class=\"elementor-heading-title elementor-size-default\">Vid\u00e9os \/ Replays<\/h1>\t\t\t\t<\/div>\n\t\t\t\t<\/div>\n\t\t\t\t\t<\/div>\n\t\t\t\t<\/div>\n\t\t<div class=\"elementor-element elementor-element-535c12a e-flex e-con-boxed e-con e-parent\" data-id=\"535c12a\" data-element_type=\"container\" data-e-type=\"container\">\n\t\t\t\t\t<div class=\"e-con-inner\">\n\t\t<div class=\"elementor-element elementor-element-14c8140 e-con-full e-flex e-con e-child\" data-id=\"14c8140\" data-element_type=\"container\" data-e-type=\"container\">\n\t\t\t\t<div class=\"elementor-element elementor-element-5d5a6c1 elementor-widget elementor-widget-video\" data-id=\"5d5a6c1\" data-element_type=\"widget\" data-e-type=\"widget\" data-settings=\"{&quot;youtube_url&quot;:&quot;https:\\\/\\\/youtu.be\\\/lL6xLmsxFq8&quot;,&quot;video_type&quot;:&quot;youtube&quot;,&quot;controls&quot;:&quot;yes&quot;}\" data-widget_type=\"video.default\">\n\t\t\t\t<div class=\"elementor-widget-container\">\n\t\t\t\t\t\t\t<div class=\"elementor-wrapper elementor-open-inline\">\n\t\t\t<div class=\"elementor-video\"><\/div>\t\t<\/div>\n\t\t\t\t\t\t<\/div>\n\t\t\t\t<\/div>\n\t\t\t\t<\/div>\n\t\t<div class=\"elementor-element elementor-element-5f568a3 e-con-full e-flex e-con e-child\" data-id=\"5f568a3\" data-element_type=\"container\" data-e-type=\"container\">\n\t\t\t\t<div class=\"elementor-element elementor-element-121735f elementor-widget elementor-widget-video\" data-id=\"121735f\" data-element_type=\"widget\" data-e-type=\"widget\" data-settings=\"{&quot;youtube_url&quot;:&quot;https:\\\/\\\/youtu.be\\\/dLQ3TsKYsIE?feature=shared&quot;,&quot;video_type&quot;:&quot;youtube&quot;,&quot;controls&quot;:&quot;yes&quot;}\" data-widget_type=\"video.default\">\n\t\t\t\t<div class=\"elementor-widget-container\">\n\t\t\t\t\t\t\t<div class=\"elementor-wrapper elementor-open-inline\">\n\t\t\t<div class=\"elementor-video\"><\/div>\t\t<\/div>\n\t\t\t\t\t\t<\/div>\n\t\t\t\t<\/div>\n\t\t\t\t<\/div>\n\t\t\t\t\t<\/div>\n\t\t\t\t<\/div>\n\t\t<div class=\"elementor-element elementor-element-26f702d e-flex e-con-boxed e-con e-parent\" data-id=\"26f702d\" data-element_type=\"container\" data-e-type=\"container\">\n\t\t\t\t\t<div class=\"e-con-inner\">\n\t\t<div class=\"elementor-element elementor-element-3e1a8e8 e-con-full e-flex e-con e-child\" data-id=\"3e1a8e8\" data-element_type=\"container\" data-e-type=\"container\">\n\t\t\t\t<div class=\"elementor-element elementor-element-f942639 elementor-widget elementor-widget-text-editor\" data-id=\"f942639\" data-element_type=\"widget\" data-e-type=\"widget\" data-widget_type=\"text-editor.default\">\n\t\t\t\t<div class=\"elementor-widget-container\">\n\t\t\t\t\t\t\t\t\t<p>Vid\u00e9o EconomiX<\/p>\t\t\t\t\t\t\t\t<\/div>\n\t\t\t\t<\/div>\n\t\t\t\t<\/div>\n\t\t<div class=\"elementor-element elementor-element-bcae994 e-con-full e-flex e-con e-child\" data-id=\"bcae994\" data-element_type=\"container\" data-e-type=\"container\">\n\t\t\t\t<div class=\"elementor-element elementor-element-f579405 elementor-widget elementor-widget-text-editor\" data-id=\"f579405\" data-element_type=\"widget\" data-e-type=\"widget\" data-widget_type=\"text-editor.default\">\n\t\t\t\t<div class=\"elementor-widget-container\">\n\t\t\t\t\t\t\t\t\t<p>Commission des affaires europ\u00e9ennes de l\u2019Assembl\u00e9e Nationale : Table ronde sur le rapport Draghi avec Elie Cohen \/ A partir de la 26<span style=\"font-size: 12px; line-height: 0; position: relative; vertical-align: baseline; top: -0.5em;\">\u00e8me<\/span>\u00a0minute<\/p>\t\t\t\t\t\t\t\t<\/div>\n\t\t\t\t<\/div>\n\t\t\t\t<\/div>\n\t\t\t\t\t<\/div>\n\t\t\t\t<\/div>\n\t\t<div class=\"elementor-element elementor-element-94f6d51 e-flex e-con-boxed e-con e-parent\" data-id=\"94f6d51\" data-element_type=\"container\" data-e-type=\"container\">\n\t\t\t\t\t<div class=\"e-con-inner\">\n\t\t<div class=\"elementor-element elementor-element-0f95d08 e-con-full e-flex e-con e-child\" data-id=\"0f95d08\" data-element_type=\"container\" data-e-type=\"container\">\n\t\t\t\t<div class=\"elementor-element elementor-element-00c9dc3 elementor-widget elementor-widget-video\" data-id=\"00c9dc3\" data-element_type=\"widget\" data-e-type=\"widget\" data-settings=\"{&quot;youtube_url&quot;:&quot;https:\\\/\\\/youtu.be\\\/hSlKGKTK-bs&quot;,&quot;video_type&quot;:&quot;youtube&quot;,&quot;controls&quot;:&quot;yes&quot;}\" data-widget_type=\"video.default\">\n\t\t\t\t<div class=\"elementor-widget-container\">\n\t\t\t\t\t\t\t<div class=\"elementor-wrapper elementor-open-inline\">\n\t\t\t<div class=\"elementor-video\"><\/div>\t\t<\/div>\n\t\t\t\t\t\t<\/div>\n\t\t\t\t<\/div>\n\t\t\t\t<\/div>\n\t\t<div class=\"elementor-element elementor-element-acf7706 e-con-full e-flex e-con e-child\" data-id=\"acf7706\" data-element_type=\"container\" data-e-type=\"container\">\n\t\t\t\t<div class=\"elementor-element elementor-element-04b0b86 elementor-widget elementor-widget-video\" data-id=\"04b0b86\" data-element_type=\"widget\" data-e-type=\"widget\" data-settings=\"{&quot;youtube_url&quot;:&quot;https:\\\/\\\/youtu.be\\\/vwFhH_hxtBQ&quot;,&quot;video_type&quot;:&quot;youtube&quot;,&quot;controls&quot;:&quot;yes&quot;}\" data-widget_type=\"video.default\">\n\t\t\t\t<div class=\"elementor-widget-container\">\n\t\t\t\t\t\t\t<div class=\"elementor-wrapper elementor-open-inline\">\n\t\t\t<div class=\"elementor-video\"><\/div>\t\t<\/div>\n\t\t\t\t\t\t<\/div>\n\t\t\t\t<\/div>\n\t\t\t\t<\/div>\n\t\t\t\t\t<\/div>\n\t\t\t\t<\/div>\n\t\t<div class=\"elementor-element elementor-element-284a74e e-flex e-con-boxed e-con e-parent\" data-id=\"284a74e\" data-element_type=\"container\" data-e-type=\"container\">\n\t\t\t\t\t<div class=\"e-con-inner\">\n\t\t<div class=\"elementor-element elementor-element-33c44e1 e-con-full e-flex e-con e-child\" data-id=\"33c44e1\" data-element_type=\"container\" data-e-type=\"container\">\n\t\t\t\t<div class=\"elementor-element elementor-element-74afc32 elementor-widget elementor-widget-text-editor\" data-id=\"74afc32\" data-element_type=\"widget\" data-e-type=\"widget\" data-widget_type=\"text-editor.default\">\n\t\t\t\t<div class=\"elementor-widget-container\">\n\t\t\t\t\t\t\t\t\t<p>Vid\u00e9o EconomiX<\/p>\t\t\t\t\t\t\t\t<\/div>\n\t\t\t\t<\/div>\n\t\t\t\t<\/div>\n\t\t<div class=\"elementor-element elementor-element-b759955 e-con-full e-flex e-con e-child\" data-id=\"b759955\" data-element_type=\"container\" data-e-type=\"container\">\n\t\t\t\t<div class=\"elementor-element elementor-element-466b31b elementor-widget elementor-widget-text-editor\" data-id=\"466b31b\" data-element_type=\"widget\" data-e-type=\"widget\" data-widget_type=\"text-editor.default\">\n\t\t\t\t<div class=\"elementor-widget-container\">\n\t\t\t\t\t\t\t\t\t<p>Vid\u00e9o EconomiX<\/p>\t\t\t\t\t\t\t\t<\/div>\n\t\t\t\t<\/div>\n\t\t\t\t<\/div>\n\t\t\t\t\t<\/div>\n\t\t\t\t<\/div>\n\t\t\t\t<\/div>\n\t\t","protected":false},"excerpt":{"rendered":"<p>Interviews Radio L\u2019entrepreneuriat est-il suffisamment encourag\u00e9 en France ?, RFI, 21 mai 2025 Industrie : la nationalisation peut-elle \u00eatre une solution ?, La Question du Jour, France Culture, 5 mai 2025 Industrie : le temps du protectionnisme est-il advenu ?, France Culture, 26 novembre 2024 R\u00e9-industrialisation : la fin d\u2019un r\u00eave fran\u00e7ais ?, France Culture, [&hellip;]<\/p>\n","protected":false},"author":1,"featured_media":0,"parent":0,"menu_order":0,"comment_status":"closed","ping_status":"closed","template":"","meta":{"footnotes":""},"class_list":["post-1929","page","type-page","status-publish","hentry"],"yoast_head":"<!-- This site is optimized with the Yoast SEO plugin v27.5 - https:\/\/yoast.com\/product\/yoast-seo-wordpress\/ -->\n<title>M\u00e9dias \/ Conf\u00e9rences - Nadine Levratto<\/title>\n<meta name=\"description\" content=\"Les conf\u00e9rences et les passages m\u00e9dia de Nadine Levratto. Nadine Levratto est une \u00e9conomiste, directrice de recherche au CNRS et \u00e0 EconomiX (une unit\u00e9 de recherche mixte CNRS - Universit\u00e9 Paris Nanterre) et ma\u00eetre de conf\u00e9rences \u00e0 l&#039;universit\u00e9 Paris 1 Panth\u00e9on Sorbonne et \u00e0 l&#039;universit\u00e9 Paris Nanterre. Ses th\u00e8mes principaux de recherches sont la dynamique industrielle, l&#039;\u00e9conomie de la firme, l&#039;analyse r\u00e9gionale et les politiques publiques.\" \/>\n<meta name=\"robots\" content=\"index, follow, max-snippet:-1, max-image-preview:large, max-video-preview:-1\" \/>\n<link rel=\"canonical\" href=\"https:\/\/nadinelevratto.education\/index.php\/medias-conferences-2\/\" \/>\n<meta property=\"og:locale\" content=\"fr_FR\" \/>\n<meta property=\"og:type\" content=\"article\" \/>\n<meta property=\"og:title\" content=\"M\u00e9dias \/ Conf\u00e9rences - Nadine Levratto\" \/>\n<meta property=\"og:description\" content=\"Les conf\u00e9rences et les passages m\u00e9dia de Nadine Levratto. Nadine Levratto est une \u00e9conomiste, directrice de recherche au CNRS et \u00e0 EconomiX (une unit\u00e9 de recherche mixte CNRS - Universit\u00e9 Paris Nanterre) et ma\u00eetre de conf\u00e9rences \u00e0 l&#039;universit\u00e9 Paris 1 Panth\u00e9on Sorbonne et \u00e0 l&#039;universit\u00e9 Paris Nanterre. Ses th\u00e8mes principaux de recherches sont la dynamique industrielle, l&#039;\u00e9conomie de la firme, l&#039;analyse r\u00e9gionale et les politiques publiques.\" \/>\n<meta property=\"og:url\" content=\"https:\/\/nadinelevratto.education\/index.php\/medias-conferences-2\/\" \/>\n<meta property=\"og:site_name\" content=\"Nadine Levratto\" \/>\n<meta property=\"article:modified_time\" content=\"2025-05-22T12:32:43+00:00\" \/>\n<meta name=\"twitter:card\" content=\"summary_large_image\" \/>\n<meta name=\"twitter:label1\" content=\"Dur\u00e9e de lecture estim\u00e9e\" \/>\n\t<meta name=\"twitter:data1\" content=\"7 minutes\" \/>\n<script type=\"application\/ld+json\" class=\"yoast-schema-graph\">{\"@context\":\"https:\\\/\\\/schema.org\",\"@graph\":[{\"@type\":\"WebPage\",\"@id\":\"https:\\\/\\\/nadinelevratto.education\\\/index.php\\\/medias-conferences-2\\\/\",\"url\":\"https:\\\/\\\/nadinelevratto.education\\\/index.php\\\/medias-conferences-2\\\/\",\"name\":\"M\u00e9dias \\\/ Conf\u00e9rences - Nadine Levratto\",\"isPartOf\":{\"@id\":\"https:\\\/\\\/nadinelevratto.education\\\/#website\"},\"datePublished\":\"2024-11-07T15:18:52+00:00\",\"dateModified\":\"2025-05-22T12:32:43+00:00\",\"description\":\"Les conf\u00e9rences et les passages m\u00e9dia de Nadine Levratto. Nadine Levratto est une \u00e9conomiste, directrice de recherche au CNRS et \u00e0 EconomiX (une unit\u00e9 de recherche mixte CNRS - Universit\u00e9 Paris Nanterre) et ma\u00eetre de conf\u00e9rences \u00e0 l'universit\u00e9 Paris 1 Panth\u00e9on Sorbonne et \u00e0 l'universit\u00e9 Paris Nanterre. Ses th\u00e8mes principaux de recherches sont la dynamique industrielle, l'\u00e9conomie de la firme, l'analyse r\u00e9gionale et les politiques publiques.\",\"breadcrumb\":{\"@id\":\"https:\\\/\\\/nadinelevratto.education\\\/index.php\\\/medias-conferences-2\\\/#breadcrumb\"},\"inLanguage\":\"fr-FR\",\"potentialAction\":[{\"@type\":\"ReadAction\",\"target\":[\"https:\\\/\\\/nadinelevratto.education\\\/index.php\\\/medias-conferences-2\\\/\"]}]},{\"@type\":\"BreadcrumbList\",\"@id\":\"https:\\\/\\\/nadinelevratto.education\\\/index.php\\\/medias-conferences-2\\\/#breadcrumb\",\"itemListElement\":[{\"@type\":\"ListItem\",\"position\":1,\"name\":\"Accueil\",\"item\":\"https:\\\/\\\/nadinelevratto.education\\\/index.php\\\/en\\\/home\\\/\"},{\"@type\":\"ListItem\",\"position\":2,\"name\":\"M\u00e9dias \\\/ Conf\u00e9rences\"}]},{\"@type\":\"WebSite\",\"@id\":\"https:\\\/\\\/nadinelevratto.education\\\/#website\",\"url\":\"https:\\\/\\\/nadinelevratto.education\\\/\",\"name\":\"Nadine Levratto\",\"description\":\"\",\"publisher\":{\"@id\":\"https:\\\/\\\/nadinelevratto.education\\\/#organization\"},\"potentialAction\":[{\"@type\":\"SearchAction\",\"target\":{\"@type\":\"EntryPoint\",\"urlTemplate\":\"https:\\\/\\\/nadinelevratto.education\\\/?s={search_term_string}\"},\"query-input\":{\"@type\":\"PropertyValueSpecification\",\"valueRequired\":true,\"valueName\":\"search_term_string\"}}],\"inLanguage\":\"fr-FR\"},{\"@type\":\"Organization\",\"@id\":\"https:\\\/\\\/nadinelevratto.education\\\/#organization\",\"name\":\"Nadine Levratto\",\"url\":\"https:\\\/\\\/nadinelevratto.education\\\/\",\"logo\":{\"@type\":\"ImageObject\",\"inLanguage\":\"fr-FR\",\"@id\":\"https:\\\/\\\/nadinelevratto.education\\\/#\\\/schema\\\/logo\\\/image\\\/\",\"url\":\"https:\\\/\\\/nadinelevratto.education\\\/wp-content\\\/uploads\\\/2024\\\/07\\\/cropped-cropped-NADINE-LEVRATTO-fav-v3.png\",\"contentUrl\":\"https:\\\/\\\/nadinelevratto.education\\\/wp-content\\\/uploads\\\/2024\\\/07\\\/cropped-cropped-NADINE-LEVRATTO-fav-v3.png\",\"width\":512,\"height\":512,\"caption\":\"Nadine Levratto\"},\"image\":{\"@id\":\"https:\\\/\\\/nadinelevratto.education\\\/#\\\/schema\\\/logo\\\/image\\\/\"}}]}<\/script>\n<!-- \/ Yoast SEO plugin. -->","yoast_head_json":{"title":"M\u00e9dias \/ Conf\u00e9rences - Nadine Levratto","description":"Les conf\u00e9rences et les passages m\u00e9dia de Nadine Levratto. Nadine Levratto est une \u00e9conomiste, directrice de recherche au CNRS et \u00e0 EconomiX (une unit\u00e9 de recherche mixte CNRS - Universit\u00e9 Paris Nanterre) et ma\u00eetre de conf\u00e9rences \u00e0 l'universit\u00e9 Paris 1 Panth\u00e9on Sorbonne et \u00e0 l'universit\u00e9 Paris Nanterre. Ses th\u00e8mes principaux de recherches sont la dynamique industrielle, l'\u00e9conomie de la firme, l'analyse r\u00e9gionale et les politiques publiques.","robots":{"index":"index","follow":"follow","max-snippet":"max-snippet:-1","max-image-preview":"max-image-preview:large","max-video-preview":"max-video-preview:-1"},"canonical":"https:\/\/nadinelevratto.education\/index.php\/medias-conferences-2\/","og_locale":"fr_FR","og_type":"article","og_title":"M\u00e9dias \/ Conf\u00e9rences - Nadine Levratto","og_description":"Les conf\u00e9rences et les passages m\u00e9dia de Nadine Levratto. Nadine Levratto est une \u00e9conomiste, directrice de recherche au CNRS et \u00e0 EconomiX (une unit\u00e9 de recherche mixte CNRS - Universit\u00e9 Paris Nanterre) et ma\u00eetre de conf\u00e9rences \u00e0 l'universit\u00e9 Paris 1 Panth\u00e9on Sorbonne et \u00e0 l'universit\u00e9 Paris Nanterre. Ses th\u00e8mes principaux de recherches sont la dynamique industrielle, l'\u00e9conomie de la firme, l'analyse r\u00e9gionale et les politiques publiques.","og_url":"https:\/\/nadinelevratto.education\/index.php\/medias-conferences-2\/","og_site_name":"Nadine Levratto","article_modified_time":"2025-05-22T12:32:43+00:00","twitter_card":"summary_large_image","twitter_misc":{"Dur\u00e9e de lecture estim\u00e9e":"7 minutes"},"schema":{"@context":"https:\/\/schema.org","@graph":[{"@type":"WebPage","@id":"https:\/\/nadinelevratto.education\/index.php\/medias-conferences-2\/","url":"https:\/\/nadinelevratto.education\/index.php\/medias-conferences-2\/","name":"M\u00e9dias \/ Conf\u00e9rences - Nadine Levratto","isPartOf":{"@id":"https:\/\/nadinelevratto.education\/#website"},"datePublished":"2024-11-07T15:18:52+00:00","dateModified":"2025-05-22T12:32:43+00:00","description":"Les conf\u00e9rences et les passages m\u00e9dia de Nadine Levratto. Nadine Levratto est une \u00e9conomiste, directrice de recherche au CNRS et \u00e0 EconomiX (une unit\u00e9 de recherche mixte CNRS - Universit\u00e9 Paris Nanterre) et ma\u00eetre de conf\u00e9rences \u00e0 l'universit\u00e9 Paris 1 Panth\u00e9on Sorbonne et \u00e0 l'universit\u00e9 Paris Nanterre. Ses th\u00e8mes principaux de recherches sont la dynamique industrielle, l'\u00e9conomie de la firme, l'analyse r\u00e9gionale et les politiques publiques.","breadcrumb":{"@id":"https:\/\/nadinelevratto.education\/index.php\/medias-conferences-2\/#breadcrumb"},"inLanguage":"fr-FR","potentialAction":[{"@type":"ReadAction","target":["https:\/\/nadinelevratto.education\/index.php\/medias-conferences-2\/"]}]},{"@type":"BreadcrumbList","@id":"https:\/\/nadinelevratto.education\/index.php\/medias-conferences-2\/#breadcrumb","itemListElement":[{"@type":"ListItem","position":1,"name":"Accueil","item":"https:\/\/nadinelevratto.education\/index.php\/en\/home\/"},{"@type":"ListItem","position":2,"name":"M\u00e9dias \/ Conf\u00e9rences"}]},{"@type":"WebSite","@id":"https:\/\/nadinelevratto.education\/#website","url":"https:\/\/nadinelevratto.education\/","name":"Nadine Levratto","description":"","publisher":{"@id":"https:\/\/nadinelevratto.education\/#organization"},"potentialAction":[{"@type":"SearchAction","target":{"@type":"EntryPoint","urlTemplate":"https:\/\/nadinelevratto.education\/?s={search_term_string}"},"query-input":{"@type":"PropertyValueSpecification","valueRequired":true,"valueName":"search_term_string"}}],"inLanguage":"fr-FR"},{"@type":"Organization","@id":"https:\/\/nadinelevratto.education\/#organization","name":"Nadine Levratto","url":"https:\/\/nadinelevratto.education\/","logo":{"@type":"ImageObject","inLanguage":"fr-FR","@id":"https:\/\/nadinelevratto.education\/#\/schema\/logo\/image\/","url":"https:\/\/nadinelevratto.education\/wp-content\/uploads\/2024\/07\/cropped-cropped-NADINE-LEVRATTO-fav-v3.png","contentUrl":"https:\/\/nadinelevratto.education\/wp-content\/uploads\/2024\/07\/cropped-cropped-NADINE-LEVRATTO-fav-v3.png","width":512,"height":512,"caption":"Nadine Levratto"},"image":{"@id":"https:\/\/nadinelevratto.education\/#\/schema\/logo\/image\/"}}]}},"_links":{"self":[{"href":"https:\/\/nadinelevratto.education\/index.php\/wp-json\/wp\/v2\/pages\/1929","targetHints":{"allow":["GET"]}}],"collection":[{"href":"https:\/\/nadinelevratto.education\/index.php\/wp-json\/wp\/v2\/pages"}],"about":[{"href":"https:\/\/nadinelevratto.education\/index.php\/wp-json\/wp\/v2\/types\/page"}],"author":[{"embeddable":true,"href":"https:\/\/nadinelevratto.education\/index.php\/wp-json\/wp\/v2\/users\/1"}],"replies":[{"embeddable":true,"href":"https:\/\/nadinelevratto.education\/index.php\/wp-json\/wp\/v2\/comments?post=1929"}],"version-history":[{"count":37,"href":"https:\/\/nadinelevratto.education\/index.php\/wp-json\/wp\/v2\/pages\/1929\/revisions"}],"predecessor-version":[{"id":2204,"href":"https:\/\/nadinelevratto.education\/index.php\/wp-json\/wp\/v2\/pages\/1929\/revisions\/2204"}],"wp:attachment":[{"href":"https:\/\/nadinelevratto.education\/index.php\/wp-json\/wp\/v2\/media?parent=1929"}],"curies":[{"name":"wp","href":"https:\/\/api.w.org\/{rel}","templated":true}]}}