{"id":1913,"date":"2024-11-07T15:40:00","date_gmt":"2024-11-07T14:40:00","guid":{"rendered":"https:\/\/nadinelevratto.education\/?page_id=1913"},"modified":"2025-09-25T21:03:35","modified_gmt":"2025-09-25T19:03:35","slug":"recherche","status":"publish","type":"page","link":"https:\/\/nadinelevratto.education\/index.php\/recherche\/","title":{"rendered":"Recherche"},"content":{"rendered":"\t\t<div data-elementor-type=\"wp-page\" data-elementor-id=\"1913\" class=\"elementor elementor-1913\">\n\t\t\t\t<div class=\"elementor-element elementor-element-6ebfb27f e-flex e-con-boxed e-con e-parent\" data-id=\"6ebfb27f\" data-element_type=\"container\" data-e-type=\"container\">\n\t\t\t\t\t<div class=\"e-con-inner\">\n\t\t\t\t<div class=\"elementor-element elementor-element-73705a1b elementor-widget elementor-widget-spacer\" data-id=\"73705a1b\" data-element_type=\"widget\" data-e-type=\"widget\" data-widget_type=\"spacer.default\">\n\t\t\t\t<div class=\"elementor-widget-container\">\n\t\t\t\t\t\t\t<div class=\"elementor-spacer\">\n\t\t\t<div class=\"elementor-spacer-inner\"><\/div>\n\t\t<\/div>\n\t\t\t\t\t\t<\/div>\n\t\t\t\t<\/div>\n\t\t\t\t\t<\/div>\n\t\t\t\t<\/div>\n\t\t<div class=\"elementor-element elementor-element-406cac5c e-flex e-con-boxed e-con e-parent\" data-id=\"406cac5c\" data-element_type=\"container\" data-e-type=\"container\" data-settings=\"{&quot;shape_divider_top&quot;:&quot;mountains&quot;,&quot;shape_divider_bottom&quot;:&quot;curve-asymmetrical&quot;}\">\n\t\t\t\t\t<div class=\"e-con-inner\">\n\t\t\t\t<div class=\"elementor-shape elementor-shape-top\" aria-hidden=\"true\" data-negative=\"false\">\n\t\t\t<svg xmlns=\"http:\/\/www.w3.org\/2000\/svg\" viewBox=\"0 0 1000 100\" preserveAspectRatio=\"none\">\n\t<path class=\"elementor-shape-fill\" opacity=\"0.33\" d=\"M473,67.3c-203.9,88.3-263.1-34-320.3,0C66,119.1,0,59.7,0,59.7V0h1000v59.7 c0,0-62.1,26.1-94.9,29.3c-32.8,3.3-62.8-12.3-75.8-22.1C806,49.6,745.3,8.7,694.9,4.7S492.4,59,473,67.3z\"\/>\n\t<path class=\"elementor-shape-fill\" opacity=\"0.66\" d=\"M734,67.3c-45.5,0-77.2-23.2-129.1-39.1c-28.6-8.7-150.3-10.1-254,39.1 s-91.7-34.4-149.2,0C115.7,118.3,0,39.8,0,39.8V0h1000v36.5c0,0-28.2-18.5-92.1-18.5C810.2,18.1,775.7,67.3,734,67.3z\"\/>\n\t<path class=\"elementor-shape-fill\" d=\"M766.1,28.9c-200-57.5-266,65.5-395.1,19.5C242,1.8,242,5.4,184.8,20.6C128,35.8,132.3,44.9,89.9,52.5C28.6,63.7,0,0,0,0 h1000c0,0-9.9,40.9-83.6,48.1S829.6,47,766.1,28.9z\"\/>\n<\/svg>\t\t<\/div>\n\t\t\t\t<div class=\"elementor-shape elementor-shape-bottom\" aria-hidden=\"true\" data-negative=\"false\">\n\t\t\t<svg xmlns=\"http:\/\/www.w3.org\/2000\/svg\" viewBox=\"0 0 1000 100\" preserveAspectRatio=\"none\">\n\t<path class=\"elementor-shape-fill\" d=\"M0,0c0,0,0,6,0,6.7c0,18,240.2,93.6,615.2,92.6C989.8,98.5,1000,25,1000,6.7c0-0.7,0-6.7,0-6.7H0z\"\/>\n<\/svg>\t\t<\/div>\n\t\t\t\t<div class=\"elementor-element elementor-element-638250ce elementor-widget elementor-widget-heading\" data-id=\"638250ce\" data-element_type=\"widget\" data-e-type=\"widget\" data-widget_type=\"heading.default\">\n\t\t\t\t<div class=\"elementor-widget-container\">\n\t\t\t\t\t<h1 class=\"elementor-heading-title elementor-size-default\">Derni\u00e8res publications<\/h1>\t\t\t\t<\/div>\n\t\t\t\t<\/div>\n\t\t\t\t\t<\/div>\n\t\t\t\t<\/div>\n\t\t<div class=\"elementor-element elementor-element-7a5cd736 e-flex e-con-boxed e-con e-parent\" data-id=\"7a5cd736\" data-element_type=\"container\" data-e-type=\"container\">\n\t\t\t\t\t<div class=\"e-con-inner\">\n\t\t\t\t<div class=\"elementor-element elementor-element-5683439a elementor-widget elementor-widget-accordion\" data-id=\"5683439a\" data-element_type=\"widget\" data-e-type=\"widget\" data-widget_type=\"accordion.default\">\n\t\t\t\t<div class=\"elementor-widget-container\">\n\t\t\t\t\t\t\t<div class=\"elementor-accordion\">\n\t\t\t\t\t\t\t<div class=\"elementor-accordion-item\">\n\t\t\t\t\t<div id=\"elementor-tab-title-1451\" class=\"elementor-tab-title\" data-tab=\"1\" role=\"button\" aria-controls=\"elementor-tab-content-1451\" aria-expanded=\"false\">\n\t\t\t\t\t\t\t\t\t\t\t\t\t<span class=\"elementor-accordion-icon elementor-accordion-icon-left\" aria-hidden=\"true\">\n\t\t\t\t\t\t\t\t\t\t\t\t\t\t\t<span class=\"elementor-accordion-icon-closed\"><svg class=\"e-font-icon-svg e-fas-plus\" viewBox=\"0 0 448 512\" xmlns=\"http:\/\/www.w3.org\/2000\/svg\"><path d=\"M416 208H272V64c0-17.67-14.33-32-32-32h-32c-17.67 0-32 14.33-32 32v144H32c-17.67 0-32 14.33-32 32v32c0 17.67 14.33 32 32 32h144v144c0 17.67 14.33 32 32 32h32c17.67 0 32-14.33 32-32V304h144c17.67 0 32-14.33 32-32v-32c0-17.67-14.33-32-32-32z\"><\/path><\/svg><\/span>\n\t\t\t\t\t\t\t\t<span class=\"elementor-accordion-icon-opened\"><svg class=\"e-font-icon-svg e-fas-minus\" viewBox=\"0 0 448 512\" xmlns=\"http:\/\/www.w3.org\/2000\/svg\"><path d=\"M416 208H32c-17.67 0-32 14.33-32 32v32c0 17.67 14.33 32 32 32h384c17.67 0 32-14.33 32-32v-32c0-17.67-14.33-32-32-32z\"><\/path><\/svg><\/span>\n\t\t\t\t\t\t\t\t\t\t\t\t\t\t<\/span>\n\t\t\t\t\t\t\t\t\t\t\t\t<a class=\"elementor-accordion-title\" tabindex=\"0\">Projets en cours<\/a>\n\t\t\t\t\t<\/div>\n\t\t\t\t\t<div id=\"elementor-tab-content-1451\" class=\"elementor-tab-content elementor-clearfix\" data-tab=\"1\" role=\"region\" aria-labelledby=\"elementor-tab-title-1451\"><p><strong>Etudes et rapports collectifs<\/strong><\/p><p>La coop\u00e9ration territoriale \u00e0 l&rsquo;\u00e9preuve des transitions \u00e9cologiques \u00e0 Rennes et en Haute-Bretagne. Plateforme Rennes, Programme Transitions POPSU, 2023-2026. Responsable du work package \u00ab Evolution du tissu \u00e9conomique et spatialisation des activit\u00e9s \u00bb<\/p><p>Poids de la fiscalit\u00e9 locale dans le bilan des entreprises et impact des r\u00e9formes envisag\u00e9es sur les ressources des collectivit\u00e9s locales. Etude pour le r\u00e9seau Finances Locales (FiL). Responsable<\/p><p>Une analyse multiniveau des scores et des prix des h\u00f4tels lors des Jeux Olympiques de 2024 \u00e0 Paris, article en cours avec G. Arcuri (Universit\u00e9 Paris 1), L. Celardo (Universit\u00e9 de Naples) et M. Misuraca (Universit\u00e9 de Calabre)<\/p><p>Analyse lexicale sur l&rsquo;impact du Cr\u00e9dit Imp\u00f4t Recherche sur l&rsquo;innovation, (en cours) avec Rim Bahroun (EconomiX, CNRS)<\/p><p><strong>Valorisation de la recherche<\/strong><\/p><p>SBAT, Small Business Assessment Tool, projet laur\u00e9at du programme de pr\u00e9maturation du CNRS, 2020-2021 ; en d\u00e9veloppement<\/p><\/div>\n\t\t\t\t<\/div>\n\t\t\t\t\t\t\t<div class=\"elementor-accordion-item\">\n\t\t\t\t\t<div id=\"elementor-tab-title-1452\" class=\"elementor-tab-title\" data-tab=\"2\" role=\"button\" aria-controls=\"elementor-tab-content-1452\" aria-expanded=\"false\">\n\t\t\t\t\t\t\t\t\t\t\t\t\t<span class=\"elementor-accordion-icon elementor-accordion-icon-left\" aria-hidden=\"true\">\n\t\t\t\t\t\t\t\t\t\t\t\t\t\t\t<span class=\"elementor-accordion-icon-closed\"><svg class=\"e-font-icon-svg e-fas-plus\" viewBox=\"0 0 448 512\" xmlns=\"http:\/\/www.w3.org\/2000\/svg\"><path d=\"M416 208H272V64c0-17.67-14.33-32-32-32h-32c-17.67 0-32 14.33-32 32v144H32c-17.67 0-32 14.33-32 32v32c0 17.67 14.33 32 32 32h144v144c0 17.67 14.33 32 32 32h32c17.67 0 32-14.33 32-32V304h144c17.67 0 32-14.33 32-32v-32c0-17.67-14.33-32-32-32z\"><\/path><\/svg><\/span>\n\t\t\t\t\t\t\t\t<span class=\"elementor-accordion-icon-opened\"><svg class=\"e-font-icon-svg e-fas-minus\" viewBox=\"0 0 448 512\" xmlns=\"http:\/\/www.w3.org\/2000\/svg\"><path d=\"M416 208H32c-17.67 0-32 14.33-32 32v32c0 17.67 14.33 32 32 32h384c17.67 0 32-14.33 32-32v-32c0-17.67-14.33-32-32-32z\"><\/path><\/svg><\/span>\n\t\t\t\t\t\t\t\t\t\t\t\t\t\t<\/span>\n\t\t\t\t\t\t\t\t\t\t\t\t<a class=\"elementor-accordion-title\" tabindex=\"0\">Articles de revues acad\u00e9miques<\/a>\n\t\t\t\t\t<\/div>\n\t\t\t\t\t<div id=\"elementor-tab-content-1452\" class=\"elementor-tab-content elementor-clearfix\" data-tab=\"2\" role=\"region\" aria-labelledby=\"elementor-tab-title-1452\"><p>Levratto, N., P. Poinsot, L. Tessier (2024) \u00ab Suppression de la cotisation sur la valeur ajout\u00e9e des entreprises et r\u00e9industrialisation de la France : une coh\u00e9rence discutable \u00bb, Revue d\u2019Economie Industrielle, 2024\/3,n\u00b0187, pp. 75\u2013112. <a href=\"https:\/\/shs.cairn.info\/revue-d-economie-industrielle-2024-3-page-75?lang=fr\" target=\"_blank\" rel=\"noopener\">https:\/\/ shs.cairn.info\/revue-d-economie-industrielle-2024-3-page-75?lang=fr<\/a><\/p><p>Amdaoud M., et N. Levratto (2024) \u00ab Sectoral diversity and local employment growth \u00bb, Economie &amp; Statistiques, n\u00b0544, pp. 77\u201398.\u00a0<a href=\"https:\/\/www.insee.fr\/en\/statistiques\/8305261?sommaire=8305267\">https:\/\/www.insee.fr\/en\/statistiques\/8305261?sommaire=8305267<\/a><\/p><p>Amdaoud, M. et Levratto, N. (2024) \u00ab\u00a0Sectoral Diversity and Local Employment Growth in France,\u00a0\u00bb <em>Economie et Statistique\/Economics and Statistics<\/em>, <em>Institut National de la Statistique et des Etudes Economiques (INSEE)<\/em>, issue 544, pages 75-94. <a href=\"https:\/\/hal.science\/hal-04834924v1\" target=\"_blank\" rel=\"noopener\">https:\/\/hal.science\/hal-04834924v1 <\/a>&#8211;\u00a0 <a href=\"https:\/\/www.insee.fr\/en\/statistiques\/8305261?sommaire=8305267\" target=\"_blank\" rel=\"noopener\">https:\/\/www.insee.fr\/en\/statistiques\/8305261?sommaire=8305267<\/a><\/p><p>Bourdin, S. et al. (2023) \u00ab COVID-19 as a systemic shock : curb or catalyst for proactive policies towards territorial cohesion ? \u00bb, <em>Regional Studies<\/em>, 114. DOI : 10.1080\/00343404.2023.2242387. <a href=\"https:\/\/www.researchgate.net\/publication\/374093545_COVID-19_as_a_systemic_shock_curb_or_catalyst_for_proactive_policies_towards_territorial_cohesion\" target=\"_blank\" rel=\"noopener\">https:\/\/www.researchgate.net\/publication\/374093545_COVID-19_as_a_systemic_shock_curb_or_catalyst_for_proactive_policies_towards_territorial_cohesion<\/a><\/p><p>Frigant, V. et Levratto, N. (2023) \u00ab Le territoire, une dimension renouvel\u00e9e des politiques industrielles \u00bb, <em>Revue d\u2019Economie Industrielle<\/em>, 181-182(11-23). <a href=\"https:\/\/www.cairn.info\/revue-d-economie-industrielle-2023-1-page-11.htm\" target=\"_blank\" rel=\"noopener\">https:\/\/www.cairn.info\/revue-d-economie-industrielle-2023-1-page-11.htm<\/a><\/p><p>Amdaoud, M. et Levratto, N. (2023) \u00ab Territoires d\u2019industrie : h\u00e9t\u00e9rog\u00e9n\u00e9it\u00e9 et convergence \u00bb, <em>Revue d\u2019Economie Industrielle<\/em>, 181-182 : 199-229. <a href=\"https:\/\/www.cairn.info\/revue-d-economie-industrielle-2023-1-page-199.htm?try_download=1\" target=\"_blank\" rel=\"noopener\">https:\/\/www.cairn.info\/revue-d-economie-industrielle-2023-1-page-199.htm?try_download=1<\/a><\/p><p>Bourdin, S. et Levratto, N. (2023b) \u00ab The Spatial footprint of Covid19 and local policy answers \u00bb, Introduction of a Special Issue, <em>Regional Studies. <a href=\"https:\/\/www.researchgate.net\/publication\/373167048_The_spatial_footprint_of_COVID-19_and_local_policy_answers\" target=\"_blank\" rel=\"noopener\">https:\/\/www.researchgate.net\/publication\/373167048_The_spatial_footprint_of_COVID-19_and_local_policy_answers<\/a><\/em>\u00a0<\/p><p>Bourdin, S. et Levratto, N. (2023a) \u00ab Regional implications of Covid-19 and resilience \u00bb, Introduction of a Special Issue, <em style=\"background-color: var( --e-global-color-c696dce );\">International Regional Science Review<\/em><span style=\"background-color: var( --e-global-color-c696dce );\">, 46(5-6). <a href=\"https:\/\/www.researchgate.net\/publication\/372315079_Regional_Implications_of_COVID-19\" target=\"_blank\" rel=\"noopener\">https:\/\/www.researchgate.net\/publication\/372315079_Regional_Implications_of_COVID-19<\/a><\/span><\/p><p>Amdaoud, M., Arcuri, G. et Levratto, N. (2023) \u00ab Robustesse financi\u00e8re des PME et disponibilit\u00e9 du cr\u00e9dit sur le march\u00e9 local : une analyse empirique sur donn\u00e9es italiennes \u00bb, <em>Revue d\u2019Economie Financi\u00e8re<\/em>, n\u00b0150. <a href=\"https:\/\/www.cairn.info\/revue-d-economie-financiere-2023-2-page-59.htm\" target=\"_blank\" rel=\"noopener\">https:\/\/www.cairn.info\/revue-d-economie-financiere-2023-2-page-59.htm<\/a><\/p><p>Arcuri, G., Levratto, N. et Succuro, M. (2023) \u00ab Does commercial court organisation a\ufb00ect firm\u2019s bankruptcy rate ? \u00bb, <em>European Journal of Law and Economics. <a href=\"https:\/\/ideas.repec.org\/a\/kap\/ejlwec\/v55y2023i3d10.1007_s10657-023-09765-w.html\" target=\"_blank\" rel=\"noopener\">https:\/\/ideas.repec.org\/a\/kap\/ejlwec\/v55y2023i3d10.1007_s10657-023-09765-w.html<\/a><\/em><\/p><p>Dejardin, M. et Levratto, N. (2022) \u00ab Entrepreneurial territories : measures, determinants, and outcomes \u00bb, <em>Annals of Regional Science<\/em>, 71 : 539546. <a href=\"https:\/\/ideas.repec.org\/a\/spr\/anresc\/v71y2023i3d10.1007_s00168-022-01198-8.html\" target=\"_blank\" rel=\"noopener\">https:\/\/ideas.repec.org\/a\/spr\/anresc\/v71y2023i3d10.1007_s00168-022-01198-8.html<\/a><\/p><p>Amdaoud, M., Arcuri, G. et Levratto, N. (2021b) \u00ab Healthcare system and social trust in the fight against Covid-19 : the case of France \u00bb, <em>European Journal of Public Health<\/em>, 31(4), pp. 895900, DOI : 1007\/s10198-021-01280-6. <a href=\"https:\/\/www.researchgate.net\/publication\/352535711_Healthcare_system_and_social_trust_in_the_fight_against_COVID-19_the_case_of_France\" target=\"_blank\" rel=\"noopener\">https:\/\/www.researchgate.net\/publication\/352535711_Healthcare_system_and_social_trust_in_the_fight_against_COVID-19_the_case_of_France<\/a><\/p><p>Amdaoud, M., Arcuri, G. et Levratto, N. (2021) \u00ab Are regions equal in adversity ? A spatial analysis of the spread and dynamics of COVID-19 in Europe \u00bb, <em>European Journal of Health Economics<\/em>, 22(4), pp. 629-642, DOI : 10.1093\/eurpub\/ckab112. <a href=\"https:\/\/ideas.repec.org\/p\/hal\/journl\/halshs-03859341.html\" target=\"_blank\" rel=\"noopener\">https:\/\/ideas.repec.org\/p\/hal\/journl\/halshs-03859341.html<\/a><\/p><\/div>\n\t\t\t\t<\/div>\n\t\t\t\t\t\t\t<div class=\"elementor-accordion-item\">\n\t\t\t\t\t<div id=\"elementor-tab-title-1453\" class=\"elementor-tab-title\" data-tab=\"3\" role=\"button\" aria-controls=\"elementor-tab-content-1453\" aria-expanded=\"false\">\n\t\t\t\t\t\t\t\t\t\t\t\t\t<span class=\"elementor-accordion-icon elementor-accordion-icon-left\" aria-hidden=\"true\">\n\t\t\t\t\t\t\t\t\t\t\t\t\t\t\t<span class=\"elementor-accordion-icon-closed\"><svg class=\"e-font-icon-svg e-fas-plus\" viewBox=\"0 0 448 512\" xmlns=\"http:\/\/www.w3.org\/2000\/svg\"><path d=\"M416 208H272V64c0-17.67-14.33-32-32-32h-32c-17.67 0-32 14.33-32 32v144H32c-17.67 0-32 14.33-32 32v32c0 17.67 14.33 32 32 32h144v144c0 17.67 14.33 32 32 32h32c17.67 0 32-14.33 32-32V304h144c17.67 0 32-14.33 32-32v-32c0-17.67-14.33-32-32-32z\"><\/path><\/svg><\/span>\n\t\t\t\t\t\t\t\t<span class=\"elementor-accordion-icon-opened\"><svg class=\"e-font-icon-svg e-fas-minus\" viewBox=\"0 0 448 512\" xmlns=\"http:\/\/www.w3.org\/2000\/svg\"><path d=\"M416 208H32c-17.67 0-32 14.33-32 32v32c0 17.67 14.33 32 32 32h384c17.67 0 32-14.33 32-32v-32c0-17.67-14.33-32-32-32z\"><\/path><\/svg><\/span>\n\t\t\t\t\t\t\t\t\t\t\t\t\t\t<\/span>\n\t\t\t\t\t\t\t\t\t\t\t\t<a class=\"elementor-accordion-title\" tabindex=\"0\">Livres (auteur)<\/a>\n\t\t\t\t\t<\/div>\n\t\t\t\t\t<div id=\"elementor-tab-content-1453\" class=\"elementor-tab-content elementor-clearfix\" data-tab=\"3\" role=\"region\" aria-labelledby=\"elementor-tab-title-1453\"><p>Carr\u00e9, D., Levratto, N. et Frocrain, P. (2019) <a href=\"https:\/\/www.pressesdesmines.com\/produit\/letonnante-disparite-des-territoires-industriels\/\" target=\"_blank\" rel=\"noopener\"><em>L\u2019\u00e9tonnante disparit\u00e9 des territoires industriels &#8211; Comprendre la performance et le d\u00e9clin<\/em><\/a>, Note de la Fabrique, Paris, Presses universitaires de Mines<\/p><p>Boutillier, S., Carr\u00e9, D. et Levratto, N. (2015) <a href=\"https:\/\/www.istegroup.com\/fr\/produit\/les-ecosystemes-entrepreneuriaux\/\" target=\"_blank\" rel=\"noopener\"><em>Les \u00e9cosyst\u00e8mes entrepreneuriaux, rencontre entre entreprises et territoire<\/em><\/a>, Londres, Editions ISTE. English version, <em>Entrepreneurial ecosystems<\/em>, published by Wiley, 2016<\/p><p>Levratto, N. (2009). <a href=\"https:\/\/books.google.fr\/books\/about\/Les_PME.html?hl=fr&amp;id=GIyiPgqHivIC&amp;redir_esc=y\" target=\"_blank\" rel=\"noopener\"><em>Les PME : d\u00e9finition, r\u00f4le \u00e9conomique et politiques publiques<\/em><\/a>, Bruxelles, Universit\u00e9 De Boeck\u00a0<\/p><\/div>\n\t\t\t\t<\/div>\n\t\t\t\t\t\t\t<div class=\"elementor-accordion-item\">\n\t\t\t\t\t<div id=\"elementor-tab-title-1454\" class=\"elementor-tab-title\" data-tab=\"4\" role=\"button\" aria-controls=\"elementor-tab-content-1454\" aria-expanded=\"false\">\n\t\t\t\t\t\t\t\t\t\t\t\t\t<span class=\"elementor-accordion-icon elementor-accordion-icon-left\" aria-hidden=\"true\">\n\t\t\t\t\t\t\t\t\t\t\t\t\t\t\t<span class=\"elementor-accordion-icon-closed\"><svg class=\"e-font-icon-svg e-fas-plus\" viewBox=\"0 0 448 512\" xmlns=\"http:\/\/www.w3.org\/2000\/svg\"><path d=\"M416 208H272V64c0-17.67-14.33-32-32-32h-32c-17.67 0-32 14.33-32 32v144H32c-17.67 0-32 14.33-32 32v32c0 17.67 14.33 32 32 32h144v144c0 17.67 14.33 32 32 32h32c17.67 0 32-14.33 32-32V304h144c17.67 0 32-14.33 32-32v-32c0-17.67-14.33-32-32-32z\"><\/path><\/svg><\/span>\n\t\t\t\t\t\t\t\t<span class=\"elementor-accordion-icon-opened\"><svg class=\"e-font-icon-svg e-fas-minus\" viewBox=\"0 0 448 512\" xmlns=\"http:\/\/www.w3.org\/2000\/svg\"><path d=\"M416 208H32c-17.67 0-32 14.33-32 32v32c0 17.67 14.33 32 32 32h384c17.67 0 32-14.33 32-32v-32c0-17.67-14.33-32-32-32z\"><\/path><\/svg><\/span>\n\t\t\t\t\t\t\t\t\t\t\t\t\t\t<\/span>\n\t\t\t\t\t\t\t\t\t\t\t\t<a class=\"elementor-accordion-title\" tabindex=\"0\">Num\u00e9ros sp\u00e9ciaux de revues<\/a>\n\t\t\t\t\t<\/div>\n\t\t\t\t\t<div id=\"elementor-tab-content-1454\" class=\"elementor-tab-content elementor-clearfix\" data-tab=\"4\" role=\"region\" aria-labelledby=\"elementor-tab-title-1454\"><p>Edition sp\u00e9ciale de la <em>Revue d\u2019Economie Industrielle <\/em>\u00ab Politiques industrielles territorialis\u00e9es : enjeux et modalit\u00e9s\u00a0\u00bb\u2019 avec Vincent Frigant, 2023<\/p><p>Edition sp\u00e9ciale de<em> Regional Studies <\/em>\u00ab The spatial footprint of Covid-19 and local policy answers \u00bb avec S\u00e9bastien Bourdin (EM Normandie), 2023<\/p><p>Edition sp\u00e9ciale de<em>\u00a0International Regional Science Review <\/em>\u00ab Regional dynamics of Covid-19 and resilience \u00bb avec S\u00e9bastien Bourdin (EM Normandie), 2023<\/p><p>Edition sp\u00e9ciale de la <em>Revue d\u2019Economie Financi\u00e8re <\/em>\u00ab Le financement des PME \u00bb avec Philippe Mutricy et Baptiste Thornary (Bpifrance), 2023<\/p><p>Edition sp\u00e9ciale de <em>Annals of Regional Science <\/em>\u00ab Entrepreneurial territories : measures, determinants and outcomes \u00bb avec Marcus Dejardin (Universit\u00e9 de Namur)<\/p><p>Edition sp\u00e9ciale de <em>Small Business Economics <\/em>\u00ab Bankruptcy institutions, corporate insolvency and entrepreneurship \u00bb avec Johan Eklund (Swedish Entrepreneurship Forum) et Giovanni B. Ramello (Universit\u00e9 du Pi\u00e9mont oreintal), 2019<\/p><\/div>\n\t\t\t\t<\/div>\n\t\t\t\t\t\t\t<div class=\"elementor-accordion-item\">\n\t\t\t\t\t<div id=\"elementor-tab-title-1455\" class=\"elementor-tab-title\" data-tab=\"5\" role=\"button\" aria-controls=\"elementor-tab-content-1455\" aria-expanded=\"false\">\n\t\t\t\t\t\t\t\t\t\t\t\t\t<span class=\"elementor-accordion-icon elementor-accordion-icon-left\" aria-hidden=\"true\">\n\t\t\t\t\t\t\t\t\t\t\t\t\t\t\t<span class=\"elementor-accordion-icon-closed\"><svg class=\"e-font-icon-svg e-fas-plus\" viewBox=\"0 0 448 512\" xmlns=\"http:\/\/www.w3.org\/2000\/svg\"><path d=\"M416 208H272V64c0-17.67-14.33-32-32-32h-32c-17.67 0-32 14.33-32 32v144H32c-17.67 0-32 14.33-32 32v32c0 17.67 14.33 32 32 32h144v144c0 17.67 14.33 32 32 32h32c17.67 0 32-14.33 32-32V304h144c17.67 0 32-14.33 32-32v-32c0-17.67-14.33-32-32-32z\"><\/path><\/svg><\/span>\n\t\t\t\t\t\t\t\t<span class=\"elementor-accordion-icon-opened\"><svg class=\"e-font-icon-svg e-fas-minus\" viewBox=\"0 0 448 512\" xmlns=\"http:\/\/www.w3.org\/2000\/svg\"><path d=\"M416 208H32c-17.67 0-32 14.33-32 32v32c0 17.67 14.33 32 32 32h384c17.67 0 32-14.33 32-32v-32c0-17.67-14.33-32-32-32z\"><\/path><\/svg><\/span>\n\t\t\t\t\t\t\t\t\t\t\t\t\t\t<\/span>\n\t\t\t\t\t\t\t\t\t\t\t\t<a class=\"elementor-accordion-title\" tabindex=\"0\">Chapitres de livres<\/a>\n\t\t\t\t\t<\/div>\n\t\t\t\t\t<div id=\"elementor-tab-content-1455\" class=\"elementor-tab-content elementor-clearfix\" data-tab=\"5\" role=\"region\" aria-labelledby=\"elementor-tab-title-1455\"><p>Levratto, N. (2023) \u201c La performance des coop\u00e9ratives en question \u201d ; dans T. Duverger et T. Germain (Eds.) <em>Vivre en coop\u00e9ration <\/em>; Cahier de Tendances, Paris, Editions de l\u2019Aube, pp. 32-37<\/p><p>Carr\u00e9, D. et Levratto, N. (2020) \u201c Interactions locales et interrelations spatiales aux sources de la diversit\u00e9 des territoires \u201d ; dans Laudier et Renou L. (Eds.) <em>Prospective et Co-Construction des Territoires au XXI\u00e8 si\u00e8cle<\/em>, Paris, Editions Hermann, pp. 41-51<\/p><p>Carr\u00e9, D. et Levratto, N. (2019) \u201c L\u2019analyse spatiale de la croissance des emplois dans la r\u00e9gion Ile-de-France \u201d ; dans Prager J-C. (Ed) <em>Le Grand Paris Express &#8211; Les enjeux \u00e9conomiques et urbains<\/em>, Paris, Editions Economica, chapitre 10<\/p><\/div>\n\t\t\t\t<\/div>\n\t\t\t\t\t\t\t<div class=\"elementor-accordion-item\">\n\t\t\t\t\t<div id=\"elementor-tab-title-1456\" class=\"elementor-tab-title\" data-tab=\"6\" role=\"button\" aria-controls=\"elementor-tab-content-1456\" aria-expanded=\"false\">\n\t\t\t\t\t\t\t\t\t\t\t\t\t<span class=\"elementor-accordion-icon elementor-accordion-icon-left\" aria-hidden=\"true\">\n\t\t\t\t\t\t\t\t\t\t\t\t\t\t\t<span class=\"elementor-accordion-icon-closed\"><svg class=\"e-font-icon-svg e-fas-plus\" viewBox=\"0 0 448 512\" xmlns=\"http:\/\/www.w3.org\/2000\/svg\"><path d=\"M416 208H272V64c0-17.67-14.33-32-32-32h-32c-17.67 0-32 14.33-32 32v144H32c-17.67 0-32 14.33-32 32v32c0 17.67 14.33 32 32 32h144v144c0 17.67 14.33 32 32 32h32c17.67 0 32-14.33 32-32V304h144c17.67 0 32-14.33 32-32v-32c0-17.67-14.33-32-32-32z\"><\/path><\/svg><\/span>\n\t\t\t\t\t\t\t\t<span class=\"elementor-accordion-icon-opened\"><svg class=\"e-font-icon-svg e-fas-minus\" viewBox=\"0 0 448 512\" xmlns=\"http:\/\/www.w3.org\/2000\/svg\"><path d=\"M416 208H32c-17.67 0-32 14.33-32 32v32c0 17.67 14.33 32 32 32h384c17.67 0 32-14.33 32-32v-32c0-17.67-14.33-32-32-32z\"><\/path><\/svg><\/span>\n\t\t\t\t\t\t\t\t\t\t\t\t\t\t<\/span>\n\t\t\t\t\t\t\t\t\t\t\t\t<a class=\"elementor-accordion-title\" tabindex=\"0\">Documents de travail<\/a>\n\t\t\t\t\t<\/div>\n\t\t\t\t\t<div id=\"elementor-tab-content-1456\" class=\"elementor-tab-content elementor-clearfix\" data-tab=\"6\" role=\"region\" aria-labelledby=\"elementor-tab-title-1456\"><p>Bahroun, R., Levratto, N. et Amdaoud, M. (2025) \u00ab\u00a0<a href=\"https:\/\/economix.fr\/pdf\/dt\/2025\/WP_EcoX_2025-20.pdf\" target=\"_blank\" rel=\"noopener\">Les p\u00f4les entrepreneuriat \u00e9tudiants tiennent-ils toujours leurs promesses ? Une analyse fond\u00e9e sur une approche s\u00e9mantique<\/a>\u00ab\u00a0, document de travail EconomiX, 2025-20, Avril<\/p><p>Kan\u00e9, A. et Levratto, N. (2025) \u00ab\u00a0<a href=\"https:\/\/economix.fr\/pdf\/dt\/2025\/WP_EcoX_2025-19.pdf\" target=\"_blank\" rel=\"noopener\">Heterogeneity in the productivity of French construction firms: A multilevel analysis<\/a>\u00ab\u00a0, document de travail EconomiX 2025-19, Avril<\/p><p>Amdaoud, M. et Levratto, N. (2023) \u201c <a href=\"https:\/\/economix.fr\/pdf\/dt\/2023\/WP_EcoX_2023-10.pdf?1.0\" target=\"_blank\" rel=\"noopener\">Territoires d&rsquo;industrie : h\u00e9t\u00e9rog\u00e9n\u00e9it\u00e9 et convergence ?<\/a> \u201d, document de travail EconomiX 2023-10, Mai<\/p><p>Levratto, N. et Quignon, A. (2021) \u201c <a href=\"https:\/\/economix.fr\/pdf\/dt\/2021\/WP_EcoX_2021-34.pdf\" target=\"_blank\" rel=\"noopener\">Innovation Performance and the Signal E\ufb00ect : Evidence from a European Program<\/a> \u201d, document de travail EconomiX 2021-34, Novembre<\/p><p>Amdaoud, M., Arcuri, G. et Levratto, N. (2020) \u201c <a href=\"https:\/\/economix.fr\/uploads\/source\/media\/MA_GA_NL-Covid19_2020-04-18.pdf\" target=\"_blank\" rel=\"noopener\">Covid-19 : analyse spatiale de l\u2019influence des facteurs socio-\u00e9conomiques sur la pr\u00e9valence et les cons\u00e9quences de l\u2019\u00e9pid\u00e9mie dans les d\u00e9partements fran\u00e7ais<\/a> \u201d, document de travail EconomiX 2020-04, Avril<\/p><p>Levratto, N. et Salin, J. (2020) \u201c <a href=\"https:\/\/ideas.repec.org\/p\/hal\/wpaper\/hal-04159718.html\" target=\"_blank\" rel=\"noopener\">Are business angel-backed companies truly di\ufb00erent ? a comparative analysis of the financial structure<\/a> \u201d, document de travail EconomiX 2020-05, Avril<\/p><\/div>\n\t\t\t\t<\/div>\n\t\t\t\t\t\t\t<div class=\"elementor-accordion-item\">\n\t\t\t\t\t<div id=\"elementor-tab-title-1457\" class=\"elementor-tab-title\" data-tab=\"7\" role=\"button\" aria-controls=\"elementor-tab-content-1457\" aria-expanded=\"false\">\n\t\t\t\t\t\t\t\t\t\t\t\t\t<span class=\"elementor-accordion-icon elementor-accordion-icon-left\" aria-hidden=\"true\">\n\t\t\t\t\t\t\t\t\t\t\t\t\t\t\t<span class=\"elementor-accordion-icon-closed\"><svg class=\"e-font-icon-svg e-fas-plus\" viewBox=\"0 0 448 512\" xmlns=\"http:\/\/www.w3.org\/2000\/svg\"><path d=\"M416 208H272V64c0-17.67-14.33-32-32-32h-32c-17.67 0-32 14.33-32 32v144H32c-17.67 0-32 14.33-32 32v32c0 17.67 14.33 32 32 32h144v144c0 17.67 14.33 32 32 32h32c17.67 0 32-14.33 32-32V304h144c17.67 0 32-14.33 32-32v-32c0-17.67-14.33-32-32-32z\"><\/path><\/svg><\/span>\n\t\t\t\t\t\t\t\t<span class=\"elementor-accordion-icon-opened\"><svg class=\"e-font-icon-svg e-fas-minus\" viewBox=\"0 0 448 512\" xmlns=\"http:\/\/www.w3.org\/2000\/svg\"><path d=\"M416 208H32c-17.67 0-32 14.33-32 32v32c0 17.67 14.33 32 32 32h384c17.67 0 32-14.33 32-32v-32c0-17.67-14.33-32-32-32z\"><\/path><\/svg><\/span>\n\t\t\t\t\t\t\t\t\t\t\t\t\t\t<\/span>\n\t\t\t\t\t\t\t\t\t\t\t\t<a class=\"elementor-accordion-title\" tabindex=\"0\">Autres publications<\/a>\n\t\t\t\t\t<\/div>\n\t\t\t\t\t<div id=\"elementor-tab-content-1457\" class=\"elementor-tab-content elementor-clearfix\" data-tab=\"7\" role=\"region\" aria-labelledby=\"elementor-tab-title-1457\"><p>Levratto, N. (2025) \u00ab\u00a0<a href=\"https:\/\/www.veblen-institute.org\/Reindustrialiser-pour-quoi-faire-2184.html\" target=\"_blank\" rel=\"noopener\">Conditionner les aides publiques aux entreprises : pourquoi et comment ?<\/a>\u00a0\u00bb <em>L\u2019Economie Politique<\/em>, n\u00b0 106, pp. 38-47, Mai 14<\/p><p>Amdaoud, M. et Levratto N. (2025) \u00ab\u00a0<a href=\"https:\/\/theconversation.com\/how-industrial-diversity-affects-local-employment-growth-in-france-251729\" target=\"_blank\" rel=\"noopener\">How industrial diversity affects local employment growth in France<\/a>\u00a0\u00bb <em>The Conversation<\/em>, Mai 5<\/p><p>Levratto, N. (2025) \u00ab\u00a0<a href=\"https:\/\/shs.cairn.info\/revue-servir-2024-9-page-63\" target=\"_blank\" rel=\"noopener\">La transition \u00e9cologique est-elle (bien) l&rsquo;avenir de l&rsquo;industrie ?<\/a>\u00a0\u00bb <em>Servir<\/em>, revue de l\u2019INSP,\u00a0 Janvier 6<\/p><p>Levratto, N., Poinsot, P. et Tessier, L. (2025) \u00ab\u00a0<a href=\"https:\/\/theconversation.com\/cvae-territoires-dindustrie-les-contradictions-de-la-politique-de-reindustrialisation-a-la-francaise-245903\" target=\"_blank\" rel=\"noopener\">CVAE, Territoires d\u2019industrie : les contradictions de la politique de r\u00e9industrialisation \u00e0 la fran\u00e7aise<\/a>\u00a0\u00bb <em>The Conversation<\/em>, Janvier 5<\/p><p>Levratto, N. (2024) \u201c <a href=\"https:\/\/shs.cairn.info\/revue-regards-croises-sur-l-economie-2024-1-page-47\" target=\"_blank\" rel=\"noopener\">Financement de l&rsquo;innovation et politiques publiques<\/a> \u201d, <em>Regards crois\u00e9s sur l\u2019\u00e9conomie<\/em>, 47-56, Octobre 7<\/p><p>Carr\u00e9 D. et Levratto N. (2024) \u00ab\u00a0<a href=\"https:\/\/www.caissedesdepots.fr\/blog\/article\/leffet-local-mesure-de-la-performance-relative-dun-territoire\" target=\"_blank\" rel=\"noopener\">L&rsquo;effet local : mesure de la performance relative d&rsquo;un territoire et de sa complexit\u00e9<\/a>\u00a0\u00bb <em>Regards d\u2019Experts<\/em>, Caisse des d\u00e9p\u00f4ts, Septembre<\/p><p>Levratto, N. (2024) \u201c <a href=\"https:\/\/www.cairn.info\/revue-l-economie-politique-2024-1-page-41.htm\" target=\"_blank\" rel=\"noopener\">Refonder la politique industrielle face \u00e0 la concurrence internationale<\/a> \u201d, <em>L\u2019\u00c9conomie politique<\/em>, 101, 41-51, Mars 14<\/p><p>Levratto, N. et Poinsot, P. (2023) \u201c <a href=\"https:\/\/dumas.ccsd.cnrs.fr\/ENPC-LVMT\/hal-04384167v1\" target=\"_blank\" rel=\"noopener\">La suppression de la CVAE, une mesure de relance de l&rsquo;industrie fran\u00e7aise mal cibl\u00e9e<\/a> \u201d, <em>The Conversation<\/em>, Novembre 19<\/p><p>Levratto, N. et Poinsot, P. (2023) \u201c <a href=\"https:\/\/theconversation.com\/chomage-un-chiffre-au-plus-bas-mais-qui-masque-le-creusement-des-inegalites-entre-les-territoires-203065\" target=\"_blank\" rel=\"noopener\">N\u2019y a-t-il vraiment aucune raison d\u2019\u00eatre inquiet ? Une analyse des dynamiques de l\u2019emploi depuis la crise de la covid-19 dans les territoires<\/a> \u201d, <em>La Lettre du financier territorial<\/em>, n\u00b0 388, Juin<\/p><p>Levratto, N. et Poinsot, P. (2023) \u201c <a href=\"https:\/\/theconversation.com\/chomage-un-chiffre-au-plus-bas-mais-qui-masque-le-creusement-des-inegalites-entre-les-territoires-203065\" target=\"_blank\" rel=\"noopener\">Ch\u00f4mage : un chi\ufb00re au plus bas mais qui masque le creusement des in\u00e9galit\u00e9s entre les territoires<\/a> \u201d, <em>The Conversation<\/em>, Avril 3<\/p><p>Levratto, N. (2020) \u201c <a href=\"https:\/\/theconversation.com\/industrie-un-plan-de-relance-beaucoup-moins-ambitieux-quil-ny-parait-151297\" target=\"_blank\" rel=\"noopener\">Industrie : un plan de relance beaucoup moins ambitieux qu&rsquo;il n&rsquo;y para\u00eet<\/a> \u201d, <em>The Conversation<\/em>, D\u00e9cembre 7<\/p><p>Amdaoud, M., Arcuri, G. et Levratto, N. (2020) \u201c <a href=\"https:\/\/theconversation.com\/le-coronavirus-revelateur-des-inegalites-territoriales-francaises-137315\" target=\"_blank\" rel=\"noopener\">Le coronavirus, r\u00e9v\u00e9lateur des in\u00e9galit\u00e9s territoriales fran\u00e7aises<\/a> \u201d, <em>The Conversation<\/em>, Avril 28<\/p><p>Carr\u00e9, D., Crague, G. et Levratto, N. (2020) \u201c <a href=\"https:\/\/theconversation.com\/a-quelles-conditions-la-france-peut-elle-se-reindustrialiser-136628\" target=\"_blank\" rel=\"noopener\">\u00c0 quelles conditions la France peut-elle se r\u00e9industrialiser ?<\/a> \u201d, <em>The Conversation<\/em>, Avril 29<\/p><\/div>\n\t\t\t\t<\/div>\n\t\t\t\t\t\t\t<div class=\"elementor-accordion-item\">\n\t\t\t\t\t<div id=\"elementor-tab-title-1458\" class=\"elementor-tab-title\" data-tab=\"8\" role=\"button\" aria-controls=\"elementor-tab-content-1458\" aria-expanded=\"false\">\n\t\t\t\t\t\t\t\t\t\t\t\t\t<span class=\"elementor-accordion-icon elementor-accordion-icon-left\" aria-hidden=\"true\">\n\t\t\t\t\t\t\t\t\t\t\t\t\t\t\t<span class=\"elementor-accordion-icon-closed\"><svg class=\"e-font-icon-svg e-fas-plus\" viewBox=\"0 0 448 512\" xmlns=\"http:\/\/www.w3.org\/2000\/svg\"><path d=\"M416 208H272V64c0-17.67-14.33-32-32-32h-32c-17.67 0-32 14.33-32 32v144H32c-17.67 0-32 14.33-32 32v32c0 17.67 14.33 32 32 32h144v144c0 17.67 14.33 32 32 32h32c17.67 0 32-14.33 32-32V304h144c17.67 0 32-14.33 32-32v-32c0-17.67-14.33-32-32-32z\"><\/path><\/svg><\/span>\n\t\t\t\t\t\t\t\t<span class=\"elementor-accordion-icon-opened\"><svg class=\"e-font-icon-svg e-fas-minus\" viewBox=\"0 0 448 512\" xmlns=\"http:\/\/www.w3.org\/2000\/svg\"><path d=\"M416 208H32c-17.67 0-32 14.33-32 32v32c0 17.67 14.33 32 32 32h384c17.67 0 32-14.33 32-32v-32c0-17.67-14.33-32-32-32z\"><\/path><\/svg><\/span>\n\t\t\t\t\t\t\t\t\t\t\t\t\t\t<\/span>\n\t\t\t\t\t\t\t\t\t\t\t\t<a class=\"elementor-accordion-title\" tabindex=\"0\">Etudes et rapports de recherches contractuelles<\/a>\n\t\t\t\t\t<\/div>\n\t\t\t\t\t<div id=\"elementor-tab-content-1458\" class=\"elementor-tab-content elementor-clearfix\" data-tab=\"8\" role=\"region\" aria-labelledby=\"elementor-tab-title-1458\"><p>Elaboration d\u2019une typologie des PEPITE : analyse textuelle et cat\u00e9gorielle, Rapport pour le Minist\u00e8re de l\u2019Enseignement Sup\u00e9rieur, D\u00e9cembre 2023. Responsable scientifique<\/p><p>Territorial impacts of COVID-19 and policy answers in European regions and cities, Rapport pour le programme europ\u00e9en ESPON, Octobre 2022. Coordinateur : Bourdin, S. (EM Normandie)<\/p><p>Geography of COVID-19 outbreak and first policy answers in European regions and cities, Rapport pour le programme europ\u00e9en ESPON, D\u00e9cembre 2020. Coordinateur : Bourdin, S. (EM Normandie)<\/p><p>Brest : Dynamique de l\u2019emploi, Interactions locales et interrelations spatiales, Rapport pour le programme POPSU-PUCA, Novembre 2020. Coordinateur : Prigent, L. (Universit\u00e9 de Bretagne Orientale).\u00a0\u00a0<span class=\"Y2IQFc\" lang=\"en\">Responsable pour l&rsquo;analyse empirique des variations de l&#8217;emploi<\/span><\/p><p>RIO Country Report 2017 : France; EUR 29193 EN, Office des publications de l&rsquo;Union europ\u00e9enne, Luxembourg, 2018 (en collaboration avec Lhuillery, S. et Zacharewicz, T.)<\/p><p>Analyse de la diversit\u00e9 des e\ufb00ets de di\ufb00usion du GPE sur les territoires franciliens; Rapport d&rsquo;\u00e9tude pour la Soci\u00e9t\u00e9 du Grand Paris, D\u00e9cembre 2017 (en collaboration avec Carr\u00e9, D. et Nguedam Ntouko, C.)<\/p><\/div>\n\t\t\t\t<\/div>\n\t\t\t\t\t\t\t\t<\/div>\n\t\t\t\t\t\t<\/div>\n\t\t\t\t<\/div>\n\t\t\t\t<div class=\"elementor-element elementor-element-1de98fb9 elementor-widget elementor-widget-spacer\" data-id=\"1de98fb9\" data-element_type=\"widget\" data-e-type=\"widget\" data-widget_type=\"spacer.default\">\n\t\t\t\t<div class=\"elementor-widget-container\">\n\t\t\t\t\t\t\t<div class=\"elementor-spacer\">\n\t\t\t<div class=\"elementor-spacer-inner\"><\/div>\n\t\t<\/div>\n\t\t\t\t\t\t<\/div>\n\t\t\t\t<\/div>\n\t\t\t\t\t<\/div>\n\t\t\t\t<\/div>\n\t\t<div class=\"elementor-element elementor-element-30ea04a7 e-flex e-con-boxed e-con e-parent\" data-id=\"30ea04a7\" data-element_type=\"container\" data-e-type=\"container\">\n\t\t\t\t\t<div class=\"e-con-inner\">\n\t\t\t\t<div class=\"elementor-element elementor-element-390041b4 elementor-widget elementor-widget-button\" data-id=\"390041b4\" data-element_type=\"widget\" data-e-type=\"widget\" data-widget_type=\"button.default\">\n\t\t\t\t<div class=\"elementor-widget-container\">\n\t\t\t\t\t\t\t\t\t<div class=\"elementor-button-wrapper\">\n\t\t\t\t\t<a class=\"elementor-button elementor-button-link elementor-size-sm\" href=\"http:\/\/nadinelevratto.education\/wp-content\/uploads\/2025\/09\/Liste-publications-complete-Vsans-liste-septembre-2025.pdf\" target=\"_blank\">\n\t\t\t\t\t\t<span class=\"elementor-button-content-wrapper\">\n\t\t\t\t\t\t\t\t\t<span class=\"elementor-button-text\">T\u00e9l\u00e9charger toutes les publications <\/span>\n\t\t\t\t\t<\/span>\n\t\t\t\t\t<\/a>\n\t\t\t\t<\/div>\n\t\t\t\t\t\t\t\t<\/div>\n\t\t\t\t<\/div>\n\t\t\t\t\t<\/div>\n\t\t\t\t<\/div>\n\t\t\t\t<\/div>\n\t\t","protected":false},"excerpt":{"rendered":"<p>Derni\u00e8res publications Projets en cours Etudes et rapports collectifs La coop\u00e9ration territoriale \u00e0 l&rsquo;\u00e9preuve des transitions \u00e9cologiques \u00e0 Rennes et en Haute-Bretagne. Plateforme Rennes, Programme Transitions POPSU, 2023-2026. Responsable du work package \u00ab Evolution du tissu \u00e9conomique et spatialisation des activit\u00e9s \u00bb Poids de la fiscalit\u00e9 locale dans le bilan des entreprises et impact des [&hellip;]<\/p>\n","protected":false},"author":1,"featured_media":0,"parent":0,"menu_order":0,"comment_status":"closed","ping_status":"closed","template":"elementor_header_footer","meta":{"footnotes":""},"class_list":["post-1913","page","type-page","status-publish","hentry"],"yoast_head":"<!-- This site is optimized with the Yoast SEO plugin v27.5 - https:\/\/yoast.com\/product\/yoast-seo-wordpress\/ -->\n<title>Recherche - Nadine Levratto<\/title>\n<meta name=\"description\" content=\"Nadine Levratto est une \u00e9conomiste, directrice de recherche au CNRS et \u00e0 EconomiX (une unit\u00e9 de recherche mixte CNRS - Universit\u00e9 Paris Nanterre) et ma\u00eetre de conf\u00e9rences \u00e0 l&#039;universit\u00e9 Paris 1 Panth\u00e9on Sorbonne et \u00e0 l&#039;universit\u00e9 Paris Nanterre. Ses th\u00e8mes principaux de recherches sont la dynamique industrielle, l&#039;\u00e9conomie de la firme, l&#039;analyse r\u00e9gionale et les politiques publiques.\" \/>\n<meta name=\"robots\" content=\"index, follow, max-snippet:-1, max-image-preview:large, max-video-preview:-1\" \/>\n<link rel=\"canonical\" href=\"https:\/\/nadinelevratto.education\/index.php\/recherche\/\" \/>\n<meta property=\"og:locale\" content=\"fr_FR\" \/>\n<meta property=\"og:type\" content=\"article\" \/>\n<meta property=\"og:title\" content=\"Recherche - Nadine Levratto\" \/>\n<meta property=\"og:description\" content=\"Nadine Levratto est une \u00e9conomiste, directrice de recherche au CNRS et \u00e0 EconomiX (une unit\u00e9 de recherche mixte CNRS - Universit\u00e9 Paris Nanterre) et ma\u00eetre de conf\u00e9rences \u00e0 l&#039;universit\u00e9 Paris 1 Panth\u00e9on Sorbonne et \u00e0 l&#039;universit\u00e9 Paris Nanterre. Ses th\u00e8mes principaux de recherches sont la dynamique industrielle, l&#039;\u00e9conomie de la firme, l&#039;analyse r\u00e9gionale et les politiques publiques.\" \/>\n<meta property=\"og:url\" content=\"https:\/\/nadinelevratto.education\/index.php\/recherche\/\" \/>\n<meta property=\"og:site_name\" content=\"Nadine Levratto\" \/>\n<meta property=\"article:modified_time\" content=\"2025-09-25T19:03:35+00:00\" \/>\n<meta name=\"twitter:card\" content=\"summary_large_image\" \/>\n<meta name=\"twitter:label1\" content=\"Dur\u00e9e de lecture estim\u00e9e\" \/>\n\t<meta name=\"twitter:data1\" content=\"8 minutes\" \/>\n<script type=\"application\/ld+json\" class=\"yoast-schema-graph\">{\"@context\":\"https:\\\/\\\/schema.org\",\"@graph\":[{\"@type\":\"WebPage\",\"@id\":\"https:\\\/\\\/nadinelevratto.education\\\/index.php\\\/recherche\\\/\",\"url\":\"https:\\\/\\\/nadinelevratto.education\\\/index.php\\\/recherche\\\/\",\"name\":\"Recherche - Nadine Levratto\",\"isPartOf\":{\"@id\":\"https:\\\/\\\/nadinelevratto.education\\\/#website\"},\"datePublished\":\"2024-11-07T14:40:00+00:00\",\"dateModified\":\"2025-09-25T19:03:35+00:00\",\"description\":\"Nadine Levratto est une \u00e9conomiste, directrice de recherche au CNRS et \u00e0 EconomiX (une unit\u00e9 de recherche mixte CNRS - Universit\u00e9 Paris Nanterre) et ma\u00eetre de conf\u00e9rences \u00e0 l'universit\u00e9 Paris 1 Panth\u00e9on Sorbonne et \u00e0 l'universit\u00e9 Paris Nanterre. Ses th\u00e8mes principaux de recherches sont la dynamique industrielle, l'\u00e9conomie de la firme, l'analyse r\u00e9gionale et les politiques publiques.\",\"breadcrumb\":{\"@id\":\"https:\\\/\\\/nadinelevratto.education\\\/index.php\\\/recherche\\\/#breadcrumb\"},\"inLanguage\":\"fr-FR\",\"potentialAction\":[{\"@type\":\"ReadAction\",\"target\":[\"https:\\\/\\\/nadinelevratto.education\\\/index.php\\\/recherche\\\/\"]}]},{\"@type\":\"BreadcrumbList\",\"@id\":\"https:\\\/\\\/nadinelevratto.education\\\/index.php\\\/recherche\\\/#breadcrumb\",\"itemListElement\":[{\"@type\":\"ListItem\",\"position\":1,\"name\":\"Accueil\",\"item\":\"https:\\\/\\\/nadinelevratto.education\\\/index.php\\\/en\\\/home\\\/\"},{\"@type\":\"ListItem\",\"position\":2,\"name\":\"Recherche\"}]},{\"@type\":\"WebSite\",\"@id\":\"https:\\\/\\\/nadinelevratto.education\\\/#website\",\"url\":\"https:\\\/\\\/nadinelevratto.education\\\/\",\"name\":\"Nadine Levratto\",\"description\":\"\",\"publisher\":{\"@id\":\"https:\\\/\\\/nadinelevratto.education\\\/#organization\"},\"potentialAction\":[{\"@type\":\"SearchAction\",\"target\":{\"@type\":\"EntryPoint\",\"urlTemplate\":\"https:\\\/\\\/nadinelevratto.education\\\/?s={search_term_string}\"},\"query-input\":{\"@type\":\"PropertyValueSpecification\",\"valueRequired\":true,\"valueName\":\"search_term_string\"}}],\"inLanguage\":\"fr-FR\"},{\"@type\":\"Organization\",\"@id\":\"https:\\\/\\\/nadinelevratto.education\\\/#organization\",\"name\":\"Nadine Levratto\",\"url\":\"https:\\\/\\\/nadinelevratto.education\\\/\",\"logo\":{\"@type\":\"ImageObject\",\"inLanguage\":\"fr-FR\",\"@id\":\"https:\\\/\\\/nadinelevratto.education\\\/#\\\/schema\\\/logo\\\/image\\\/\",\"url\":\"https:\\\/\\\/nadinelevratto.education\\\/wp-content\\\/uploads\\\/2024\\\/07\\\/cropped-cropped-NADINE-LEVRATTO-fav-v3.png\",\"contentUrl\":\"https:\\\/\\\/nadinelevratto.education\\\/wp-content\\\/uploads\\\/2024\\\/07\\\/cropped-cropped-NADINE-LEVRATTO-fav-v3.png\",\"width\":512,\"height\":512,\"caption\":\"Nadine Levratto\"},\"image\":{\"@id\":\"https:\\\/\\\/nadinelevratto.education\\\/#\\\/schema\\\/logo\\\/image\\\/\"}}]}<\/script>\n<!-- \/ Yoast SEO plugin. -->","yoast_head_json":{"title":"Recherche - Nadine Levratto","description":"Nadine Levratto est une \u00e9conomiste, directrice de recherche au CNRS et \u00e0 EconomiX (une unit\u00e9 de recherche mixte CNRS - Universit\u00e9 Paris Nanterre) et ma\u00eetre de conf\u00e9rences \u00e0 l'universit\u00e9 Paris 1 Panth\u00e9on Sorbonne et \u00e0 l'universit\u00e9 Paris Nanterre. Ses th\u00e8mes principaux de recherches sont la dynamique industrielle, l'\u00e9conomie de la firme, l'analyse r\u00e9gionale et les politiques publiques.","robots":{"index":"index","follow":"follow","max-snippet":"max-snippet:-1","max-image-preview":"max-image-preview:large","max-video-preview":"max-video-preview:-1"},"canonical":"https:\/\/nadinelevratto.education\/index.php\/recherche\/","og_locale":"fr_FR","og_type":"article","og_title":"Recherche - Nadine Levratto","og_description":"Nadine Levratto est une \u00e9conomiste, directrice de recherche au CNRS et \u00e0 EconomiX (une unit\u00e9 de recherche mixte CNRS - Universit\u00e9 Paris Nanterre) et ma\u00eetre de conf\u00e9rences \u00e0 l'universit\u00e9 Paris 1 Panth\u00e9on Sorbonne et \u00e0 l'universit\u00e9 Paris Nanterre. Ses th\u00e8mes principaux de recherches sont la dynamique industrielle, l'\u00e9conomie de la firme, l'analyse r\u00e9gionale et les politiques publiques.","og_url":"https:\/\/nadinelevratto.education\/index.php\/recherche\/","og_site_name":"Nadine Levratto","article_modified_time":"2025-09-25T19:03:35+00:00","twitter_card":"summary_large_image","twitter_misc":{"Dur\u00e9e de lecture estim\u00e9e":"8 minutes"},"schema":{"@context":"https:\/\/schema.org","@graph":[{"@type":"WebPage","@id":"https:\/\/nadinelevratto.education\/index.php\/recherche\/","url":"https:\/\/nadinelevratto.education\/index.php\/recherche\/","name":"Recherche - Nadine Levratto","isPartOf":{"@id":"https:\/\/nadinelevratto.education\/#website"},"datePublished":"2024-11-07T14:40:00+00:00","dateModified":"2025-09-25T19:03:35+00:00","description":"Nadine Levratto est une \u00e9conomiste, directrice de recherche au CNRS et \u00e0 EconomiX (une unit\u00e9 de recherche mixte CNRS - Universit\u00e9 Paris Nanterre) et ma\u00eetre de conf\u00e9rences \u00e0 l'universit\u00e9 Paris 1 Panth\u00e9on Sorbonne et \u00e0 l'universit\u00e9 Paris Nanterre. Ses th\u00e8mes principaux de recherches sont la dynamique industrielle, l'\u00e9conomie de la firme, l'analyse r\u00e9gionale et les politiques publiques.","breadcrumb":{"@id":"https:\/\/nadinelevratto.education\/index.php\/recherche\/#breadcrumb"},"inLanguage":"fr-FR","potentialAction":[{"@type":"ReadAction","target":["https:\/\/nadinelevratto.education\/index.php\/recherche\/"]}]},{"@type":"BreadcrumbList","@id":"https:\/\/nadinelevratto.education\/index.php\/recherche\/#breadcrumb","itemListElement":[{"@type":"ListItem","position":1,"name":"Accueil","item":"https:\/\/nadinelevratto.education\/index.php\/en\/home\/"},{"@type":"ListItem","position":2,"name":"Recherche"}]},{"@type":"WebSite","@id":"https:\/\/nadinelevratto.education\/#website","url":"https:\/\/nadinelevratto.education\/","name":"Nadine Levratto","description":"","publisher":{"@id":"https:\/\/nadinelevratto.education\/#organization"},"potentialAction":[{"@type":"SearchAction","target":{"@type":"EntryPoint","urlTemplate":"https:\/\/nadinelevratto.education\/?s={search_term_string}"},"query-input":{"@type":"PropertyValueSpecification","valueRequired":true,"valueName":"search_term_string"}}],"inLanguage":"fr-FR"},{"@type":"Organization","@id":"https:\/\/nadinelevratto.education\/#organization","name":"Nadine Levratto","url":"https:\/\/nadinelevratto.education\/","logo":{"@type":"ImageObject","inLanguage":"fr-FR","@id":"https:\/\/nadinelevratto.education\/#\/schema\/logo\/image\/","url":"https:\/\/nadinelevratto.education\/wp-content\/uploads\/2024\/07\/cropped-cropped-NADINE-LEVRATTO-fav-v3.png","contentUrl":"https:\/\/nadinelevratto.education\/wp-content\/uploads\/2024\/07\/cropped-cropped-NADINE-LEVRATTO-fav-v3.png","width":512,"height":512,"caption":"Nadine Levratto"},"image":{"@id":"https:\/\/nadinelevratto.education\/#\/schema\/logo\/image\/"}}]}},"_links":{"self":[{"href":"https:\/\/nadinelevratto.education\/index.php\/wp-json\/wp\/v2\/pages\/1913","targetHints":{"allow":["GET"]}}],"collection":[{"href":"https:\/\/nadinelevratto.education\/index.php\/wp-json\/wp\/v2\/pages"}],"about":[{"href":"https:\/\/nadinelevratto.education\/index.php\/wp-json\/wp\/v2\/types\/page"}],"author":[{"embeddable":true,"href":"https:\/\/nadinelevratto.education\/index.php\/wp-json\/wp\/v2\/users\/1"}],"replies":[{"embeddable":true,"href":"https:\/\/nadinelevratto.education\/index.php\/wp-json\/wp\/v2\/comments?post=1913"}],"version-history":[{"count":43,"href":"https:\/\/nadinelevratto.education\/index.php\/wp-json\/wp\/v2\/pages\/1913\/revisions"}],"predecessor-version":[{"id":2223,"href":"https:\/\/nadinelevratto.education\/index.php\/wp-json\/wp\/v2\/pages\/1913\/revisions\/2223"}],"wp:attachment":[{"href":"https:\/\/nadinelevratto.education\/index.php\/wp-json\/wp\/v2\/media?parent=1913"}],"curies":[{"name":"wp","href":"https:\/\/api.w.org\/{rel}","templated":true}]}}